{"id":1059,"date":"2016-12-23T13:21:57","date_gmt":"2016-12-23T12:21:57","guid":{"rendered":"https:\/\/emr-sb.de\/?page_id=1059"},"modified":"2016-12-23T13:25:17","modified_gmt":"2016-12-23T12:25:17","slug":"ross-bigam","status":"publish","type":"page","link":"https:\/\/emr-sb.de\/fr\/das-emr\/vorstand\/ross-bigam\/","title":{"rendered":"Ross Biggam"},"content":{"rendered":"<p>&nbsp;<\/p>\n<p style=\"text-align: justify;\"><img loading=\"lazy\" decoding=\"async\" class=\"size-medium wp-image-1092 alignright\" src=\"https:\/\/emr-sb.de\/wp-content\/uploads\/2016\/12\/20160914_Vorstand_Bild_Ross-Biggam-1-300x200.jpg\" alt=\"\" width=\"300\" height=\"200\" srcset=\"https:\/\/emr-sb.de\/wp-content\/uploads\/2016\/12\/20160914_Vorstand_Bild_Ross-Biggam-1-300x200.jpg 300w, https:\/\/emr-sb.de\/wp-content\/uploads\/2016\/12\/20160914_Vorstand_Bild_Ross-Biggam-1-768x512.jpg 768w, https:\/\/emr-sb.de\/wp-content\/uploads\/2016\/12\/20160914_Vorstand_Bild_Ross-Biggam-1.jpg 800w\" sizes=\"(max-width: 300px) 100vw, 300px\" \/>Ross Biggam ist Vice-President Government Affairs EMEA bei Discovery Communications.<\/p>\n<p style=\"text-align: justify;\">\u00a0<\/p>\n<p style=\"text-align: justify;\">Vor dieser T\u00e4tigkeit war er Legal Officer beim europ\u00e4ischen Ausschuss im House of Lords, London, und Head of European Affairs bei ITV, London.<\/p>\n<p style=\"text-align: justify;\">\u00a0<\/p>\n<p style=\"text-align: justify;\">Zudem war er f\u00fcnfzehn Jahre lang als Director-General des europ\u00e4ischen Dachverbandes der privaten Sender (ACT) t\u00e4tig.<\/p>\n<p style=\"text-align: justify;\">\u00a0<\/p>\n<p style=\"text-align: justify;\">Er absolvierte ein Studium an der University of Exeter und der Universit\u00e4t des Saarlandes (europ\u00e4isches Recht).<\/p>\n<p style=\"text-align: justify;\">\u00a0<\/p>\n<p style=\"text-align: justify;\">Weiterhin war er als Visiting Professor in Creative Industries, University of Glasgow sowie als Associate Partner, MECETES Project (Universit\u00e4ten von Br\u00fcssel, Kopenhagen und York) t\u00e4tig.<\/p>\n<p style=\"text-align: justify;\">\u00a0<\/p>\n<p style=\"text-align: justify;\">Au\u00dferdem schrieb er bereits verschiedene Beitr\u00e4ge in wissenschaftlichen Publikationen.<\/p>\n<p>&nbsp;<\/p>\n","protected":false},"excerpt":{"rendered":"<p>&nbsp; Ross Biggam ist Vice-President Government Affairs EMEA bei Discovery Communications. \u00a0 Vor dieser T\u00e4tigkeit war er Legal Officer beim europ\u00e4ischen Ausschuss im House of Lords, London, und Head of European Affairs bei ITV, London. \u00a0 Zudem war er f\u00fcnfzehn Jahre lang als Director-General des europ\u00e4ischen Dachverbandes der privaten Sender (ACT) t\u00e4tig. \u00a0 Er absolvierte [&hellip;]<\/p>\n","protected":false},"author":2,"featured_media":0,"parent":261,"menu_order":21,"comment_status":"closed","ping_status":"closed","template":"","meta":{"_et_pb_use_builder":"","_et_pb_old_content":"","_et_gb_content_width":"","footnotes":""},"class_list":["post-1059","page","type-page","status-publish","hentry"],"translation":{"provider":"WPGlobus","version":"3.0.2","language":"fr","enabled_languages":["de","fr","gb"],"languages":{"de":{"title":true,"content":true,"excerpt":false},"fr":{"title":false,"content":false,"excerpt":false},"gb":{"title":false,"content":false,"excerpt":false}}},"_links":{"self":[{"href":"https:\/\/emr-sb.de\/fr\/wp-json\/wp\/v2\/pages\/1059","targetHints":{"allow":["GET"]}}],"collection":[{"href":"https:\/\/emr-sb.de\/fr\/wp-json\/wp\/v2\/pages"}],"about":[{"href":"https:\/\/emr-sb.de\/fr\/wp-json\/wp\/v2\/types\/page"}],"author":[{"embeddable":true,"href":"https:\/\/emr-sb.de\/fr\/wp-json\/wp\/v2\/users\/2"}],"replies":[{"embeddable":true,"href":"https:\/\/emr-sb.de\/fr\/wp-json\/wp\/v2\/comments?post=1059"}],"version-history":[{"count":7,"href":"https:\/\/emr-sb.de\/fr\/wp-json\/wp\/v2\/pages\/1059\/revisions"}],"predecessor-version":[{"id":2148,"href":"https:\/\/emr-sb.de\/fr\/wp-json\/wp\/v2\/pages\/1059\/revisions\/2148"}],"up":[{"embeddable":true,"href":"https:\/\/emr-sb.de\/fr\/wp-json\/wp\/v2\/pages\/261"}],"wp:attachment":[{"href":"https:\/\/emr-sb.de\/fr\/wp-json\/wp\/v2\/media?parent=1059"}],"curies":[{"name":"wp","href":"https:\/\/api.w.org\/{rel}","templated":true}]}}