{"id":259,"date":"2016-11-10T14:09:18","date_gmt":"2016-11-10T13:09:18","guid":{"rendered":"http:\/\/emr.eear.eu\/emr_wp\/home\/das-emr\/direktorium\/"},"modified":"2017-12-19T16:16:40","modified_gmt":"2017-12-19T15:16:40","slug":"direktorium","status":"publish","type":"page","link":"https:\/\/emr-sb.de\/fr\/das-emr\/direktorium\/","title":{"rendered":"Direktorium"},"content":{"rendered":"<div id=\"attachment_3131\" style=\"width: 448px\" class=\"wp-caption alignright\"><a href=\"https:\/\/emr-sb.de\/wp-content\/uploads\/2016\/11\/EMR_18101719-min.jpg\"><img loading=\"lazy\" decoding=\"async\" aria-describedby=\"caption-attachment-3131\" class=\"wp-image-3131\" src=\"https:\/\/emr-sb.de\/wp-content\/uploads\/2016\/11\/EMR_18101719-min-300x200.jpg\" alt=\"\" width=\"438\" height=\"292\" srcset=\"https:\/\/emr-sb.de\/wp-content\/uploads\/2016\/11\/EMR_18101719-min-300x200.jpg 300w, https:\/\/emr-sb.de\/wp-content\/uploads\/2016\/11\/EMR_18101719-min-768x513.jpg 768w, https:\/\/emr-sb.de\/wp-content\/uploads\/2016\/11\/EMR_18101719-min-1024x684.jpg 1024w, https:\/\/emr-sb.de\/wp-content\/uploads\/2016\/11\/EMR_18101719-min-1080x721.jpg 1080w\" sizes=\"(max-width: 438px) 100vw, 438px\" \/><\/a><p id=\"caption-attachment-3131\" class=\"wp-caption-text\">Das Direktorium (vlnr) Dr. J\u00f6rg Ukrow, Prof. Dr. Stephan Ory und Prof Dr. Mark D. Cole im Oktober 2017 vor dem Geb\u00e4ude des EMR<\/p><\/div>\n<p>Das Direktorium ist das Leitungsgremium des <br \/>\n Instituts f\u00fcr Europ\u00e4isches Medienrecht (EMR).<\/p>\n<p>Es besteht derzeit aus drei Mitgliedern:<\/p>\n<p>&nbsp;<\/p>\n<ul>\n<li style=\"text-align: left;\"><a href=\"https:\/\/emr-sb.de\/das-emr\/direktorium\/der-direktor-prof-dr-stephan-ory\/\">Prof. Dr. Stephan Ory (Direktor)<\/a><\/li>\n<li style=\"text-align: left;\"><a href=\"https:\/\/emr-sb.de\/das-emr\/direktorium\/der-wissenschaftliche-direktor-professor-dr-mark-d-cole\/\">Prof. Dr. Mark D. Cole (Wissenschaftlicher Direktor)<\/a><\/li>\n<li style=\"text-align: left;\"><a href=\"https:\/\/emr-sb.de\/das-emr\/vorstand\/dr-joerg-ukrow\/\">J\u00f6rg Ukrow (Gesch\u00e4ftsf\u00fchrendes Vorstandsmitglied)\u00a0<\/a><\/li>\n<\/ul>\n<p style=\"text-align: justify;\">\u00a0<\/p>\n","protected":false},"excerpt":{"rendered":"<p>Das Direktorium ist das Leitungsgremium des Instituts f\u00fcr Europ\u00e4isches Medienrecht (EMR). Es besteht derzeit aus drei Mitgliedern: &nbsp; Prof. Dr. Stephan Ory (Direktor) Prof. Dr. Mark D. Cole (Wissenschaftlicher Direktor) J\u00f6rg Ukrow (Gesch\u00e4ftsf\u00fchrendes Vorstandsmitglied)\u00a0 \u00a0<\/p>\n","protected":false},"author":1,"featured_media":0,"parent":196,"menu_order":2,"comment_status":"closed","ping_status":"closed","template":"","meta":{"_et_pb_use_builder":"","_et_pb_old_content":"","_et_gb_content_width":"","footnotes":""},"class_list":["post-259","page","type-page","status-publish","hentry"],"translation":{"provider":"WPGlobus","version":"3.0.2","language":"fr","enabled_languages":["de","fr","gb"],"languages":{"de":{"title":true,"content":true,"excerpt":false},"fr":{"title":false,"content":false,"excerpt":false},"gb":{"title":false,"content":false,"excerpt":false}}},"_links":{"self":[{"href":"https:\/\/emr-sb.de\/fr\/wp-json\/wp\/v2\/pages\/259","targetHints":{"allow":["GET"]}}],"collection":[{"href":"https:\/\/emr-sb.de\/fr\/wp-json\/wp\/v2\/pages"}],"about":[{"href":"https:\/\/emr-sb.de\/fr\/wp-json\/wp\/v2\/types\/page"}],"author":[{"embeddable":true,"href":"https:\/\/emr-sb.de\/fr\/wp-json\/wp\/v2\/users\/1"}],"replies":[{"embeddable":true,"href":"https:\/\/emr-sb.de\/fr\/wp-json\/wp\/v2\/comments?post=259"}],"version-history":[{"count":53,"href":"https:\/\/emr-sb.de\/fr\/wp-json\/wp\/v2\/pages\/259\/revisions"}],"predecessor-version":[{"id":3135,"href":"https:\/\/emr-sb.de\/fr\/wp-json\/wp\/v2\/pages\/259\/revisions\/3135"}],"up":[{"embeddable":true,"href":"https:\/\/emr-sb.de\/fr\/wp-json\/wp\/v2\/pages\/196"}],"wp:attachment":[{"href":"https:\/\/emr-sb.de\/fr\/wp-json\/wp\/v2\/media?parent=259"}],"curies":[{"name":"wp","href":"https:\/\/api.w.org\/{rel}","templated":true}]}}