{"id":282,"date":"2016-11-10T14:15:55","date_gmt":"2016-11-10T13:15:55","guid":{"rendered":"http:\/\/emr.eear.eu\/emr_wp\/?page_id=282"},"modified":"2024-05-21T13:24:38","modified_gmt":"2024-05-21T11:24:38","slug":"edpl","status":"publish","type":"page","link":"https:\/\/emr-sb.de\/fr\/publikationen\/fachzeitschriften\/edpl\/","title":{"rendered":"European Data Protection Law Review"},"content":{"rendered":"<p><a href=\"https:\/\/edpl.lexxion.eu\/issue\/EDPL\/2017\/3\"><img loading=\"lazy\" decoding=\"async\" class=\"alignleft size-medium wp-image-2764\" src=\"https:\/\/emr-sb.de\/wp-content\/uploads\/2016\/11\/thumb-224x300.jpg\" alt=\"\" width=\"224\" height=\"300\" srcset=\"https:\/\/emr-sb.de\/wp-content\/uploads\/2016\/11\/thumb-224x300.jpg 224w, https:\/\/emr-sb.de\/wp-content\/uploads\/2016\/11\/thumb.jpg 320w\" sizes=\"(max-width: 224px) 100vw, 224px\" \/><\/a>Die Zeitschrift <a title=\"EDPL\" href=\"https:\/\/edpl.lexxion.eu\/\" target=\"_blank\" rel=\"noopener\"><strong>European Data Protection Law Review (EDPL)<\/strong><\/a>, erscheinend im Lexxion Verlag, schlie\u00dft eine seit langem bestehende L\u00fccke auf dem Gebiet der wissenschaftlichen Auseinandersetzung mit dem Datenschutzrecht: Sie stellt eine l\u00e4nder\u00fcbergreifende Plattform zur juristischen Diskussion und Analyse datenschutzrechtlicher Entwicklungen in der EU und ihren Mitgliedstaaten zur Verf\u00fcgung. Die Zeitschriftenbeitr\u00e4ge stammen von Autoren aus der gesamten EU und richten sich an eine europ\u00e4ische und internationale Leserschaft.<\/p>\n<p>Mitherausgeber der EDPL und unter anderem verantwortlich f\u00fcr die Rubrik \u201eReports\u201c ist der Wissenschaftliche Direktor des EMR, Prof. Dr. Mark D. Cole. In der Rubrik stellt das EMR europ\u00e4ische und nationale Entwicklungen im Datenschutzrecht entlang thematischer Schwerpunkte oder einzelfallbezogener Ereignisse dar. Die Autoren sind Mitglieder des EMR Media Network, eines weitverzweigten Netzwerks von Korrespondenten aus allen europ\u00e4ischen Staaten.<\/p>\n<p>Weitere Informationen zur EDPL, einschlie\u00dflich der M\u00f6glichkeit zur Bestellung eines Abonnements, finden Sie auf den <a title=\"EDPL\" href=\"https:\/\/edpl.lexxion.eu\/\" target=\"_blank\" rel=\"noopener\"><strong>Seiten des Verlags<\/strong><\/a>. Dort kann zudem das Inhaltsverzeichnis der aktuellen und der vergangenen Ausgaben eingesehen werden.<\/p>\n<h3><strong>\u00dcbersicht der vom EMR betreuten Reports<\/strong><\/h3>\n<p><span style=\"font-size: 10pt;\">Springe zum Jahr <a href=\"#edpl2024\">2024<\/a> <a href=\"#edpl2023\">2023<\/a> <a href=\"#edpl2022\">2022<\/a> <a href=\"#edpl2021\">2021<\/a> <a href=\"#edpl2020\">2020<\/a> <a href=\"#edpl2019\">2019<\/a> <a href=\"#edpl2018\">2018<\/a> <a href=\"#edpl2017\">2017<\/a> <a href=\"#edpl2016\">2016<\/a> <a href=\"#edpl2015\">2015<\/a><\/span><\/p>\n<h4><a id=\"edpl2024\"><\/a>2024<\/h4>\n<table class=\" alignleft\" style=\"width: 100%; border-collapse: collapse; height: 141px;\">\n<tbody>\n<tr style=\"height: 24px;\">\n<th style=\"width: 8%; height: 24px;\"><strong>Ausgabe<\/strong><\/th>\n<th style=\"width: 22%; height: 24px;\"><strong>Autor<\/strong><\/th>\n<th style=\"width: 45%; height: 24px;\"><strong>Titel<\/strong><\/th>\n<th style=\"width: 25%; height: 24px;\"><strong>DOI<\/strong><\/th>\n<\/tr>\n<tr style=\"height: 96px;\">\n<td style=\"height: 93px;\">2024\/01<\/td>\n<td style=\"height: 93px;\">Natalia Jevglevskaja, Ross P Buckley<\/td>\n<td style=\"height: 93px;\">Australia \u2219 Data Portability Developments<\/td>\n<td style=\"height: 93px;\"><a href=\"https:\/\/doi.org\/10.21552\/edpl\/2024\/1\/11\">https:\/\/doi.org\/10.21552\/edpl\/2024\/1\/11<\/a><\/td>\n<\/tr>\n<tr style=\"height: 24px;\">\n<td style=\"height: 24px;\">2024\/01<\/td>\n<td style=\"height: 24px;\">Sven Braun<\/td>\n<td style=\"height: 24px;\">France and Germany \u2219 Amazon Fined by CNIL for Excessive Monitoring of Employees in France \u2013 Is the Situation in Germany Contrary to This?<\/td>\n<td style=\"height: 24px;\"><a href=\"https:\/\/doi.org\/10.21552\/edpl\/2024\/1\/12\">https:\/\/doi.org\/10.21552\/edpl\/2024\/1\/12<\/a><\/td>\n<\/tr>\n<tr>\n<td>2024\/01<\/td>\n<td>Mireille M Caruana, Roxanne Meilak Borg<\/td>\n<td>\n<p class=\"p1\">Malta \u2219 Data Protection and Scientific Research: A Focus on the Legal Regime in Malta<\/p>\n<\/td>\n<td><a href=\"https:\/\/doi.org\/10.21552\/edpl\/2024\/1\/13\">https:\/\/doi.org\/10.21552\/edpl\/2024\/1\/13<\/a><\/td>\n<\/tr>\n<tr>\n<td>2024\/01<\/td>\n<td>Paul Grassl, Nina Gerber, Max von Grafenstein<\/td>\n<td>\n<p class=\"p1\">Practitioners\u2019 Corner \u2219 How Effectively Do Consent Notices Inform Users About the Risks to Their Fundamental Rights?<\/p>\n<\/td>\n<td><a href=\"https:\/\/doi.org\/10.21552\/edpl\/2024\/1\/14\">https:\/\/doi.org\/10.21552\/edpl\/2024\/1\/14<\/a><\/td>\n<\/tr>\n<tr>\n<td>2024\/01<\/td>\n<td>Dominika Ku\u017anicka-B\u0142aszkowska<\/td>\n<td>\n<p class=\"p1\">Practitioners\u2019 Corner \u2219 Excessive Use of Data Access Rights in the Practice of Imposing Administrative Fines<\/p>\n<\/td>\n<td><a href=\"https:\/\/doi.org\/10.21552\/edpl\/2024\/1\/15\">https:\/\/doi.org\/10.21552\/edpl\/2024\/1\/15<\/a><\/td>\n<\/tr>\n<\/tbody>\n<\/table>\n<p>&nbsp;<\/p>\n<h4><a id=\"edpl2023\"><\/a>2023<\/h4>\n<table class=\" alignleft\" style=\"width: 100%; border-collapse: collapse;\">\n<tbody>\n<tr style=\"height: 24px;\">\n<th style=\"width: 8%; height: 24px;\"><strong>Ausgabe<\/strong><\/th>\n<th style=\"width: 22%; height: 24px;\"><strong>Autor<\/strong><\/th>\n<th style=\"width: 45%; height: 24px;\"><strong>Titel<\/strong><\/th>\n<th style=\"width: 25%; height: 24px;\"><strong>DOI<\/strong><\/th>\n<\/tr>\n<tr style=\"height: 96px;\">\n<td>2023\/04<\/td>\n<td>Thilo Gottschalk<\/td>\n<td>European Union \u2219 The EU-US Data Privacy Framework (DPF) \u2013 A Blueprint for International Data Transfers?<\/td>\n<td><a href=\"https:\/\/doi.org\/10.21552\/edpl\/2023\/4\/11\">https:\/\/doi.org\/10.21552\/edpl\/2023\/4\/11<\/a><\/td>\n<\/tr>\n<tr style=\"height: 96px;\">\n<td>2023\/04<\/td>\n<td>Lisette Mustert<\/td>\n<td>European Union \u2219 The Commission Proposal for a New GDPR Procedural Regulation: Effective and Protected Enforcement Ensured?<\/td>\n<td><a href=\"https:\/\/doi.org\/10.21552\/edpl\/2023\/4\/12\">https:\/\/doi.org\/10.21552\/edpl\/2023\/4\/12<\/a><\/td>\n<\/tr>\n<tr style=\"height: 96px;\">\n<td>2023\/04<\/td>\n<td>Katharina Kollmann<\/td>\n<td>Germany \u2219 Recent Decisions from German Courts in Facebook Scraping Cases: Compensation of Non-Material Damages or Not?<\/td>\n<td><a href=\"https:\/\/doi.org\/10.21552\/edpl\/2023\/4\/13\">https:\/\/doi.org\/10.21552\/edpl\/2023\/4\/13<\/a><\/td>\n<\/tr>\n<tr style=\"height: 96px;\">\n<td>2023\/04<\/td>\n<td>Eva Lievens, Valerie Verdoodt<\/td>\n<td>Ireland \u2219 A \u20ac345 Million Fine for TikTok for Violations of the GDPR Regarding the Processing of Children\u2019s Personal Data<\/td>\n<td><a href=\"https:\/\/doi.org\/10.21552\/edpl\/2023\/4\/14\">https:\/\/doi.org\/10.21552\/edpl\/2023\/4\/14<\/a><\/td>\n<\/tr>\n<tr style=\"height: 72px;\">\n<td>2023\/03<\/td>\n<td>Hugo Lami<\/td>\n<td>France \u2219 CNIL Confirms Google\u2019s Compliance with Earlier Injunctions on Cookie Banners<\/td>\n<td><a href=\"https:\/\/doi.org\/10.21552\/edpl\/2023\/3\/11\">https:\/\/doi.org\/10.21552\/edpl\/2023\/3\/11<\/a><\/td>\n<\/tr>\n<tr style=\"height: 48px;\">\n<td>2023\/03<\/td>\n<td>Sven Braun<\/td>\n<td>Germany \u2219 German Data Retention Law Nullified, Again<\/td>\n<td><a href=\"https:\/\/doi.org\/10.21552\/edpl\/2023\/3\/12\">https:\/\/doi.org\/10.21552\/edpl\/2023\/3\/12<\/a><\/td>\n<\/tr>\n<tr style=\"height: 96px;\">\n<td>2023\/03<\/td>\n<td>Giorgia Bincoletto<\/td>\n<td>Italy \u2219 Italian DPA on the Vaccine Booking Procedure: Intimate Questions Possible, but Information Obligations Still Key<\/td>\n<td><a href=\"https:\/\/doi.org\/10.21552\/edpl\/2023\/3\/13\">https:\/\/doi.org\/10.21552\/edpl\/2023\/3\/13<\/a><\/td>\n<\/tr>\n<tr style=\"height: 120px;\">\n<td>2023\/03<\/td>\n<td>Mark D Cole, Katharina Kollmann<\/td>\n<td>Norway \u2219 Norwegian DPA Blocks Personalised Advertising on Facebook and Instagram in Urgency Procedure: Another Step towards a Departure from Meta\u2019s Business Model?<\/td>\n<td><a href=\"https:\/\/doi.org\/10.21552\/edpl\/2023\/3\/14\">https:\/\/doi.org\/10.21552\/edpl\/2023\/3\/14<\/a><\/td>\n<\/tr>\n<tr style=\"height: 72px;\">\n<td>2023\/02<\/td>\n<td>Stanis\u0142aw Tosza<\/td>\n<td>European Union \u2219 The E-Evidence Package is Adopted: End of a Saga or Beginning of a New One?<\/td>\n<td><a href=\"https:\/\/doi.org\/10.21552\/edpl\/2023\/2\/11\">https:\/\/doi.org\/10.21552\/edpl\/2023\/2\/11<\/a><\/td>\n<\/tr>\n<tr style=\"height: 144px;\">\n<td>2023\/02<\/td>\n<td>Teresa Quintel<\/td>\n<td>European Union \u2219 Renewed Concerns About Compliance of the Proposed \u2018Regulation to Prevent and Combat Child Sexual Abuse\u2019 with Essence of Right to Data Protection: The Council Legal Service Opinion<\/td>\n<td><a href=\"https:\/\/doi.org\/10.21552\/edpl\/2023\/2\/12\">https:\/\/doi.org\/10.21552\/edpl\/2023\/2\/12<\/a><\/td>\n<\/tr>\n<tr style=\"height: 72px;\">\n<td>2023\/02<\/td>\n<td>Sandra Schmitz-Berndt<\/td>\n<td>European Union \u2219 Round-up: Recently Adopted EDPB Guidelines Contextualised<\/td>\n<td><a href=\"https:\/\/doi.org\/10.21552\/edpl\/2023\/2\/13\">https:\/\/doi.org\/10.21552\/edpl\/2023\/2\/13<\/a><\/td>\n<\/tr>\n<tr style=\"height: 72px;\">\n<td>2023\/02<\/td>\n<td>Lisette Mustert<\/td>\n<td>European Union \u2219 EDPB Decision 1\/2023: The Schrems Saga Back on the GDPR\u2019s Enforcement Rails<\/td>\n<td><a href=\"https:\/\/doi.org\/10.21552\/edpl\/2023\/2\/14\">https:\/\/doi.org\/10.21552\/edpl\/2023\/2\/14<\/a><\/td>\n<\/tr>\n<tr style=\"height: 96px;\">\n<td>2023\/02<\/td>\n<td>Katharina Kollmann<\/td>\n<td>Austria \u2219 Reconciling \u2018Pay or Okay\u2019 Models with the GDPR: The Austrian DPA Decision and other Recent Approaches in Europe<\/td>\n<td><a href=\"https:\/\/doi.org\/10.21552\/edpl\/2023\/2\/15\">https:\/\/doi.org\/10.21552\/edpl\/2023\/2\/15<\/a><\/td>\n<\/tr>\n<tr style=\"height: 96px;\">\n<td>2023\/02<\/td>\n<td>P\u00e4ivi Korpisaari<\/td>\n<td>Finland \u2219 Supreme Administrative Court of Finland on Processing of Children\u2019s Data in Light of the Principle of Data Minimisation<\/td>\n<td><a href=\"https:\/\/doi.org\/10.21552\/edpl\/2023\/2\/16\">https:\/\/doi.org\/10.21552\/edpl\/2023\/2\/16<\/a><\/td>\n<\/tr>\n<tr style=\"height: 96px;\">\n<td>2023\/02<\/td>\n<td>Hugo Lami<\/td>\n<td>France \u2219 The Constitutional Council Validates the Use of Augmented Video Recognition Technology for the Olympics<\/td>\n<td><a href=\"https:\/\/doi.org\/10.21552\/edpl\/2023\/2\/17\">https:\/\/doi.org\/10.21552\/edpl\/2023\/2\/17<\/a><\/td>\n<\/tr>\n<tr style=\"height: 96px;\">\n<td>2023\/02<\/td>\n<td>Giorgia Bincoletto<\/td>\n<td>Italy \u2219 Italian DPA Fined Condominium Manager for the Disclosure of Covid-19 Positivity in the Building<\/td>\n<td><a href=\"https:\/\/doi.org\/10.21552\/edpl\/2023\/2\/18\">https:\/\/doi.org\/10.21552\/edpl\/2023\/2\/18<\/a><\/td>\n<\/tr>\n<tr style=\"height: 72px;\">\n<td>2023\/02<\/td>\n<td>Mireille M Caruana, Roxanne Meilak Borg<\/td>\n<td>Malta \u2219 Maltese DPA Rules on Data Breach Involving an Illegal Voter Database and the Right of Access<\/td>\n<td><a href=\"https:\/\/doi.org\/10.21552\/edpl\/2023\/2\/19\">https:\/\/doi.org\/10.21552\/edpl\/2023\/2\/19<\/a><\/td>\n<\/tr>\n<tr style=\"height: 48px;\">\n<td>2023\/02<\/td>\n<td>Luben Roussev<\/td>\n<td>United Kingdom \u2219 The DPDI No.2 Bill &#8211; GDPR Revamp or Rule Tinkering?<\/td>\n<td><a href=\"https:\/\/doi.org\/10.21552\/edpl\/2023\/2\/20\">https:\/\/doi.org\/10.21552\/edpl\/2023\/2\/20<\/a><\/td>\n<\/tr>\n<tr style=\"height: 96px;\">\n<td>2023\/02<\/td>\n<td>Normann Witzleb, Sarah H\u00fcnting<\/td>\n<td>Practitioners\u2019 Corner \u2219 The Influence of the GDPR on Protection of Young People\u2019s Privacy: New developments in China, California and Australia<\/td>\n<td><a href=\"https:\/\/doi.org\/10.21552\/edpl\/2023\/2\/21\">https:\/\/doi.org\/10.21552\/edpl\/2023\/2\/21<\/a><\/td>\n<\/tr>\n<tr style=\"height: 96px;\">\n<td>2023\/01<\/td>\n<td>Maria Magierska<\/td>\n<td>European Union \u2219 Three EDPB Binding Decisions in the Art. 65 GDPR Procedure and Two Major Questions for the Future<\/td>\n<td><a href=\"https:\/\/doi.org\/10.21552\/edpl\/2023\/1\/10\">https:\/\/doi.org\/10.21552\/edpl\/2023\/1\/10<\/a><\/td>\n<\/tr>\n<tr style=\"height: 120px;\">\n<td>2023\/01<\/td>\n<td>Sandra Schmitz-Berndt<\/td>\n<td>European Union \u2219 EDPB Opinion on the European Commission\u2019s Draft Adequacy Decision regarding the EU-U.S. Data Privacy Framework: Is the Scene Set for Schrems III?<\/td>\n<td><a href=\"https:\/\/doi.org\/10.21552\/edpl\/2023\/1\/11\">https:\/\/doi.org\/10.21552\/edpl\/2023\/1\/11<\/a><\/td>\n<\/tr>\n<tr style=\"height: 96px;\">\n<td>2023\/01<\/td>\n<td>Pier Giorgio Chiara<\/td>\n<td>Italy \u2219 Italian DPA v. OpenAI\u2019s ChatGPT: The Reasons Behind the Investigation and the Temporary Limitation to Processing<\/td>\n<td><a href=\"https:\/\/doi.org\/10.21552\/edpl\/2023\/1\/12\">https:\/\/doi.org\/10.21552\/edpl\/2023\/1\/12<\/a><\/td>\n<\/tr>\n<tr style=\"height: 96px;\">\n<td>2023\/01<\/td>\n<td>Florence D\u2019Ath<\/td>\n<td>Practitioners\u2019 Corner \u2219 EU Data Protection Law as a Tool against Discriminatory Outcomes in the context of E-recruitment<\/td>\n<td><a href=\"https:\/\/doi.org\/10.21552\/edpl\/2023\/1\/13\">https:\/\/doi.org\/10.21552\/edpl\/2023\/1\/13<\/a><\/td>\n<\/tr>\n<\/tbody>\n<\/table>\n<p>&nbsp;<\/p>\n<h4><a id=\"edpl2022\"><\/a>2022<\/h4>\n<table class=\" alignleft\" style=\"border-collapse: collapse; width: 100%;\">\n<tbody>\n<tr style=\"height: 24px;\">\n<th style=\"width: 8%; height: 24px;\"><strong>Ausgabe<\/strong><\/th>\n<th style=\"width: 22%; height: 24px;\"><strong>Autor<\/strong><\/th>\n<th style=\"width: 45%; height: 24px;\"><strong>Titel<\/strong><\/th>\n<th style=\"width: 25%; height: 24px;\"><strong>DOI<\/strong><\/th>\n<\/tr>\n<tr>\n<td>2022\/04<\/td>\n<td>Dominika Ku\u017anicka-B\u0142aszkowska<\/td>\n<td>European Union \u2219 The Role of the GDPR in Preventing Sexual Abuse<\/td>\n<td><a href=\"https:\/\/doi.org\/10.21552\/edpl\/2022\/4\/10\">https:\/\/doi.org\/10.21552\/edpl\/2022\/4\/10<\/a><\/td>\n<\/tr>\n<tr>\n<td>2022\/04<\/td>\n<td>Sandra Schmitz-Berndt<\/td>\n<td>European Union \u2219 EDPB Adopts updated Guidelines on Personal Data Breach Notification under GDPR: The End of the One-Stop-Shop Reporting Mechanism for Non-EU Establishments<\/td>\n<td><a href=\"https:\/\/doi.org\/10.21552\/edpl\/2022\/4\/11\">https:\/\/doi.org\/10.21552\/edpl\/2022\/4\/11<\/a><\/td>\n<\/tr>\n<tr>\n<td>2022\/04<\/td>\n<td>Hubert Bekisz, Dominik Dworniczak<\/td>\n<td>Poland \u2219 First Empirical Insights on Article 82 GDPR in National Courts<\/td>\n<td><a href=\"https:\/\/doi.org\/10.21552\/edpl\/2022\/4\/12\">https:\/\/doi.org\/10.21552\/edpl\/2022\/4\/12<\/a><\/td>\n<\/tr>\n<tr>\n<td>2022\/04<\/td>\n<td>Jo\u00e3o Pereira, Aida Cepa, Pedro Carneiro Ant\u00f3nio Pinto, Pedro Pinto<\/td>\n<td>Portugal \u2219 Profiling the Portuguese Data Protection Officer in the Context of GDPR<\/td>\n<td><a href=\"https:\/\/doi.org\/10.21552\/edpl\/2022\/4\/13\">https:\/\/doi.org\/10.21552\/edpl\/2022\/4\/13<\/a><\/td>\n<\/tr>\n<tr>\n<td>2022\/04<\/td>\n<td>Friederike Knoke, Iheanyi Nwankwo<\/td>\n<td>Practitioner\u2019s Corner \u2219 Managing Data Protection Compliance through Maturity Models: A Primer<\/td>\n<td><a href=\"https:\/\/doi.org\/10.21552\/edpl\/2022\/4\/14\">https:\/\/doi.org\/10.21552\/edpl\/2022\/4\/14<\/a><\/td>\n<\/tr>\n<tr>\n<td>2022\/03<\/td>\n<td>Carl Vander Maelen<\/td>\n<td>European Union \u2219 EDPB Releases Final Version of \u2018Guidelines 04\/2021 on Codes of Conduct as Tools for Transfers\u2019 \u2013 An Important Step with Some Rough Edges<\/td>\n<td><a href=\"https:\/\/doi.org\/10.21552\/edpl\/2022\/3\/9\">https:\/\/doi.org\/10.21552\/edpl\/2022\/3\/9<\/a><\/td>\n<\/tr>\n<tr>\n<td>2022\/03<\/td>\n<td>Giorgia Bincoletto<\/td>\n<td>European Union \u2219 The EDPB-EDPS Joint Opinion on the Commission Proposal for a Regulation on the European Health Data Space: Key Issues to be Considered in the Legislative Process<\/td>\n<td><a href=\"https:\/\/doi.org\/10.21552\/edpl\/2022\/3\/10\">https:\/\/doi.org\/10.21552\/edpl\/2022\/3\/10<\/a><\/td>\n<\/tr>\n<tr>\n<td>2022\/03<\/td>\n<td>Marcelo Corrales Compagnucci<\/td>\n<td>Denmark \u2219 Danish DPA Banned the Use of Google Chromebooks and Google Workspace in Schools in Helsing\u00f8r Municipality<\/td>\n<td><a href=\"https:\/\/doi.org\/10.21552\/edpl\/2022\/3\/11\">https:\/\/doi.org\/10.21552\/edpl\/2022\/3\/11<\/a><\/td>\n<\/tr>\n<tr>\n<td>2022\/03<\/td>\n<td>Adrien Bottacci<\/td>\n<td>Portugal \u2219 Judgment n.\u00b0 268\/2022 of the Portuguese Tribunal Constitucional and its Contribution to the European Dialogue on Metadata Retention and Access Regimes<\/td>\n<td><a href=\"https:\/\/doi.org\/10.21552\/edpl\/2022\/3\/12\">https:\/\/doi.org\/10.21552\/edpl\/2022\/3\/12<\/a><\/td>\n<\/tr>\n<tr>\n<td>2022\/03<\/td>\n<td>Gaurav Pathak<\/td>\n<td>Practitioners\u2019 Corner \u2219 Manifestly Made Public: Clearview and GDPR<\/td>\n<td><a href=\"https:\/\/doi.org\/10.21552\/edpl\/2022\/3\/13\">https:\/\/doi.org\/10.21552\/edpl\/2022\/3\/13<\/a><\/td>\n<\/tr>\n<tr>\n<td>2022\/03<\/td>\n<td>Rowin Jansen, Minke Reijneveld<\/td>\n<td>Council of Europe \u2219 Convention 108+, the GDPR, and Data Processing in the National Security Domain<\/td>\n<td><a href=\"https:\/\/doi.org\/10.21552\/edpl\/2022\/3\/14\">https:\/\/doi.org\/10.21552\/edpl\/2022\/3\/14<\/a><\/td>\n<\/tr>\n<tr>\n<td>2022\/02<\/td>\n<td>Christina Etteldorf<\/td>\n<td>European Union \u2219 DMA \u2013 Digital Markets Act or Data Markets Act?<\/td>\n<td><a href=\"https:\/\/doi.org\/10.21552\/edpl\/2022\/2\/12\">https:\/\/doi.org\/10.21552\/edpl\/2022\/2\/12<\/a><\/td>\n<\/tr>\n<tr>\n<td>2022\/02<\/td>\n<td>Teresa Quintel<\/td>\n<td>European Union \u2219 The Commission Proposal on Combatting Child Sexual Abuse &#8211; Confidentiality of Communications at Risk?<\/td>\n<td><a href=\"https:\/\/doi.org\/10.21552\/edpl\/2022\/2\/13\">https:\/\/doi.org\/10.21552\/edpl\/2022\/2\/13<\/a><\/td>\n<\/tr>\n<tr>\n<td>2022\/02<\/td>\n<td>Milica Sikimi\u0107<\/td>\n<td>Bosnia and Herzegovina \u2219 The GDPR Implementation In Non-Member States of the European Union: The Case of Bosnia and Herzegovina<\/td>\n<td><a href=\"https:\/\/doi.org\/10.21552\/edpl\/2022\/2\/14\">https:\/\/doi.org\/10.21552\/edpl\/2022\/2\/14<\/a><\/td>\n<\/tr>\n<tr>\n<td>2022\/02<\/td>\n<td>Andr\u00e9s Chomczyk Penedo<\/td>\n<td>Ireland \u2219 Can a Data Breach be Caused by Poor Quality Data? An Analysis of a Decision by the Irish Data Protection Commission and its Potential Influence on Future Financial Data Sharing<\/td>\n<td><a href=\"https:\/\/doi.org\/10.21552\/edpl\/2022\/2\/15\">https:\/\/doi.org\/10.21552\/edpl\/2022\/2\/15<\/a><\/td>\n<\/tr>\n<tr>\n<td>2022\/02<\/td>\n<td>Gra\u00e7a Canto Moniz<\/td>\n<td>Portugal \u2219 The Portuguese DPA\u2019s \u2018To Do\u2019 List for Unsolicited Marketing<\/td>\n<td><a href=\"https:\/\/doi.org\/10.21552\/edpl\/2022\/2\/16\">https:\/\/doi.org\/10.21552\/edpl\/2022\/2\/16<\/a><\/td>\n<\/tr>\n<tr>\n<td>2022\/02<\/td>\n<td>Lara Marie Nicole Eguia<\/td>\n<td>Norway \u2219 Snatched up by Advertising Partners: Norwegian DPA Fines Grindr for Lack of Consent over Third-Party Data Sharing<\/td>\n<td><a href=\"https:\/\/doi.org\/10.21552\/edpl\/2022\/2\/17\">https:\/\/doi.org\/10.21552\/edpl\/2022\/2\/17<\/a><\/td>\n<\/tr>\n<tr>\n<td>2022\/02<\/td>\n<td>Irith Kist<\/td>\n<td>United Kingdom \u2219 Proposal for a New Data Regime in the UK: An Avenue to be Explored by the EU<\/td>\n<td><a href=\"https:\/\/doi.org\/10.21552\/edpl\/2022\/2\/18\">https:\/\/doi.org\/10.21552\/edpl\/2022\/2\/18<\/a><\/td>\n<\/tr>\n<tr>\n<td>2022\/02<\/td>\n<td>Leyla Keser Berber, Ay\u00e7a Atabey<\/td>\n<td>Turkey \u2219 Evaluation of the Recent Developments in Laws and Policies Relating to Cross-Border Data Transfers in Turkey<\/td>\n<td><a href=\"https:\/\/doi.org\/10.21552\/edpl\/2022\/2\/19\">https:\/\/doi.org\/10.21552\/edpl\/2022\/2\/19<\/a><\/td>\n<\/tr>\n<tr>\n<td>2022\/02<\/td>\n<td>Elisabeth Steindl<\/td>\n<td>Practitioners\u2019 Corner \u2219 Does the European Data Protection Framework Adequately Protect our Emotions? Emotion Tech in light of the Draft AI Act and its Interplay with the GDPR<\/td>\n<td><a href=\"https:\/\/doi.org\/10.21552\/edpl\/2022\/2\/20\">https:\/\/doi.org\/10.21552\/edpl\/2022\/2\/20<\/a><\/td>\n<\/tr>\n<tr>\n<td>2022\/01<\/td>\n<td>Stephan Winklbauer, Robert Horner<\/td>\n<td>Austria \u2219 Austrian DPA Decides EU-U.S. Data Transfer Through the Use of Google Analytics to be Unlawful<\/td>\n<td><a href=\"https:\/\/doi.org\/10.21552\/edpl\/2022\/1\/12\">https:\/\/doi.org\/10.21552\/edpl\/2022\/1\/12<\/a><\/td>\n<\/tr>\n<tr>\n<td>2022\/01<\/td>\n<td>Kristin Benedikt<\/td>\n<td>Belgium \u2219 Belgian Data Protection Authority Ruling &#8211; Online Advertising on the Brink of Extinction?<\/td>\n<td><a href=\"https:\/\/doi.org\/10.21552\/edpl\/2022\/1\/13\">https:\/\/doi.org\/10.21552\/edpl\/2022\/1\/13<\/a><\/td>\n<\/tr>\n<tr>\n<td>2022\/01<\/td>\n<td>Teresa Quintel<\/td>\n<td>European Union \u2219 The EDPS on Europol\u2019s Big Data Challenge in Light of the Recast Europol Regulation &#8211; The Question of Legitimizing Unlawful Practices<\/td>\n<td><a href=\"https:\/\/doi.org\/10.21552\/edpl\/2022\/1\/14\">https:\/\/doi.org\/10.21552\/edpl\/2022\/1\/14<\/a><\/td>\n<\/tr>\n<tr>\n<td>2022\/01<\/td>\n<td>Pier Giorgio Chiara<\/td>\n<td>European Union \u2219 Commission Delegated Regulation (EU) 2022\/30 Supplementing Directive 2014\/53\/EU on Radio Equipment: Strengthening Cybersecurity, Privacy and Personal Data Protection of Wireless Devices<\/td>\n<td><a href=\"https:\/\/doi.org\/10.21552\/edpl\/2022\/1\/15\">https:\/\/doi.org\/10.21552\/edpl\/2022\/1\/15\u00a0<\/a><\/td>\n<\/tr>\n<tr>\n<td>2022\/01<\/td>\n<td>Angelica Fernandez<\/td>\n<td>European Union \u2219 The Data Act: The Next Step in Moving Forward to a European Data Space<\/td>\n<td><a href=\"https:\/\/doi.org\/10.21552\/edpl\/2022\/1\/16\">https:\/\/doi.org\/10.21552\/edpl\/2022\/1\/16\u00a0<\/a><\/td>\n<\/tr>\n<tr>\n<td>2022\/01<\/td>\n<td>Alina J. Wolski<\/td>\n<td>Germany \u2219 German Angst and the Immunisation Registry &#8211; The Question of the Compatibility of Immunisation Registries and the GDPR Against the Background of a Possible Introduction of Compulsory Vaccination in Germany<\/td>\n<td><a href=\"https:\/\/doi.org\/10.21552\/edpl\/2022\/1\/17\">https:\/\/doi.org\/10.21552\/edpl\/2022\/1\/17\u00a0<\/a><\/td>\n<\/tr>\n<tr>\n<td>2022\/01<\/td>\n<td>Florence D\u2019Ath<\/td>\n<td>Luxembourg \u2219 Luxembourg DPA Raises the Bar for Data Protection Officers<\/td>\n<td><a href=\"https:\/\/doi.org\/10.21552\/edpl\/2022\/1\/18\">https:\/\/doi.org\/10.21552\/edpl\/2022\/1\/18\u00a0<\/a><\/td>\n<\/tr>\n<tr>\n<td>2022\/01<\/td>\n<td>Natalija Bitiukova<\/td>\n<td>Lithuania \u2219 Lithuanian Supreme Administrative Court Undertakes a Legitimate Interests Assessment in a Seminal Case on Journalistic Expression<\/td>\n<td><a href=\"https:\/\/doi.org\/10.21552\/edpl\/2022\/1\/19\">https:\/\/doi.org\/10.21552\/edpl\/2022\/1\/19<\/a><\/td>\n<\/tr>\n<tr>\n<td>2022\/01<\/td>\n<td>Lorna Woods<\/td>\n<td>United Kingdom \u2219 The Court of Appeals Judgment Concerning the Legality of the \u2018Immigration Exception\u2019 for Data Processing<\/td>\n<td><a href=\"https:\/\/doi.org\/10.21552\/edpl\/2022\/1\/20\">https:\/\/doi.org\/10.21552\/edpl\/2022\/1\/20<\/a><\/td>\n<\/tr>\n<\/tbody>\n<\/table>\n<h4>\u00a0<\/h4>\n<h4><a id=\"edpl2021\"><\/a>2021<\/h4>\n<table class=\" alignleft\" style=\"border-collapse: collapse;\">\n<tbody>\n<tr style=\"height: 24px;\">\n<th style=\"width: 8%; height: 24px;\"><strong>Ausgabe<\/strong><\/th>\n<th style=\"width: 22%; height: 24px;\"><strong>Autor<\/strong><\/th>\n<th style=\"width: 45%; height: 24px;\"><strong>Titel<\/strong><\/th>\n<th style=\"width: 25%; height: 24px;\"><strong>DOI<\/strong><\/th>\n<\/tr>\n<tr>\n<td>2021\/04<\/td>\n<td>Christina Etteldorf<\/td>\n<td>European Union \u2219 EDPB Guidelines on Restrictions Under Article 23 GDPR<\/td>\n<td><a href=\"https:\/\/doi.org\/10.21552\/edpl\/2021\/4\/12\">https:\/\/doi.org\/10.21552\/edpl\/2021\/4\/12\u00a0<\/a><\/td>\n<\/tr>\n<tr>\n<td>2021\/04<\/td>\n<td>Corina Kruesz, Felix Zopf<\/td>\n<td>European Union \u2219 The Concept of Data Altruism of the draft DGA and the GDPR: Inconsistencies and Why a Regulatory Sandbox Model May Facilitate Data Sharing in the EU<\/td>\n<td><a href=\"https:\/\/doi.org\/10.21552\/edpl\/2021\/4\/13\">https:\/\/doi.org\/10.21552\/edpl\/2021\/4\/13\u00a0<\/a><\/td>\n<\/tr>\n<tr>\n<td>2021\/04<\/td>\n<td>Sandra Schmitz-Berndt<\/td>\n<td>European Union \u2219 Cybersecurity is Gaining Momentum \u2013 NIS 2.0 is on its Way<\/td>\n<td><a href=\"https:\/\/doi.org\/10.21552\/edpl\/2021\/4\/14\">https:\/\/doi.org\/10.21552\/edpl\/2021\/4\/14\u00a0<\/a><\/td>\n<\/tr>\n<tr>\n<td>2021\/04<\/td>\n<td>Giorgia Bincoletto<\/td>\n<td>Italy \u2219 E-Proctoring During Students\u2019 Exams: Emergency Remote Teaching at Stake<\/td>\n<td><a href=\"https:\/\/doi.org\/10.21552\/edpl\/2021\/4\/15\">https:\/\/doi.org\/10.21552\/edpl\/2021\/4\/15<\/a><\/td>\n<\/tr>\n<tr>\n<td>2021\/04<\/td>\n<td>Matt Getz, Kimmie Fearnside<\/td>\n<td>United Kingdom \u2219 Lloyd v Google: U.K. Supreme Court on Representative Actions for Personal Data Breach Claims<\/td>\n<td><a href=\"https:\/\/doi.org\/10.21552\/edpl\/2021\/4\/16\">https:\/\/doi.org\/10.21552\/edpl\/2021\/4\/16<\/a><\/td>\n<\/tr>\n<tr>\n<td>2021\/04<\/td>\n<td>Paarth Naithani<\/td>\n<td>Practitioners\u2019 Corner \u2219 Regulating the \u2018Fingerprinting Monster\u2019 Through EU Data Protection Law<\/td>\n<td><a href=\"https:\/\/doi.org\/10.21552\/edpl\/2021\/4\/17\">https:\/\/doi.org\/10.21552\/edpl\/2021\/4\/17\u00a0<\/a><\/td>\n<\/tr>\n<tr>\n<td>2021\/03<\/td>\n<td>Lisette Mustert<\/td>\n<td>European Union \u2219 The EDPB\u2019s second Article 65 Decision \u2013 Is the Board Stepping up its Game?<\/td>\n<td><a href=\"https:\/\/doi.org\/10.21552\/edpl\/2021\/3\/10\">https:\/\/doi.org\/10.21552\/edpl\/2021\/3\/10\u00a0<\/a><\/td>\n<\/tr>\n<tr>\n<td>2021\/03<\/td>\n<td>Eva Lievens<\/td>\n<td>The Netherlands \u2219 Dutch DPA Fines TikTok for not Offering Understandable Information to Children<\/td>\n<td><a href=\"https:\/\/doi.org\/10.21552\/edpl\/2021\/3\/11\">https:\/\/doi.org\/10.21552\/edpl\/2021\/3\/11\u00a0<\/a><\/td>\n<\/tr>\n<tr>\n<td>2021\/03<\/td>\n<td>Giorgia Bincoletto<\/td>\n<td>Italy \u2219 Whistleblowing Application: Italian DPA sanctions non-compliance with GDPR principles<\/td>\n<td><a href=\"https:\/\/doi.org\/10.21552\/edpl\/2021\/3\/12\">https:\/\/doi.org\/10.21552\/edpl\/2021\/3\/12\u00a0<\/a><\/td>\n<\/tr>\n<tr>\n<td>2021\/03<\/td>\n<td>Thomas Dubuisson<\/td>\n<td>Belgium \u2219 Data Protection Authority Provides New Policies on GDPR Infringements and Litigation Proceedings Aspects<\/td>\n<td><a href=\"https:\/\/doi.org\/10.21552\/edpl\/2021\/3\/13\">https:\/\/doi.org\/10.21552\/edpl\/2021\/3\/13\u00a0<\/a><\/td>\n<\/tr>\n<tr>\n<td>2021\/03<\/td>\n<td>Ashit Kumar Srivastava<\/td>\n<td>India \u2219 Reading Regulation as a Prohibition: A Critical Review of the new IT Rules 2021 in relation to Social Media Networks and Messaging Applications<\/td>\n<td><a href=\"https:\/\/doi.org\/10.21552\/edpl\/2021\/3\/14\">https:\/\/doi.org\/10.21552\/edpl\/2021\/3\/14\u00a0<\/a><\/td>\n<\/tr>\n<tr>\n<td>2021\/03<\/td>\n<td>Annika Selzer, Daniel Woods, Rainer B\u00f6hme<\/td>\n<td>Practitioners\u2019 Corner \u2219 An Economic Analysis of Appropriateness under Article 32 GDPR<\/td>\n<td><a href=\"https:\/\/doi.org\/10.21552\/edpl\/2021\/3\/15\">https:\/\/doi.org\/10.21552\/edpl\/2021\/3\/15\u00a0<\/a><\/td>\n<\/tr>\n<tr>\n<td>2021\/02<\/td>\n<td>Laura Drechsler<\/td>\n<td>European Union \u2219 EDPB Issues Guidance on Personal Data Transfers Based on Adequacy Decisions in the Context of the Law Enforcement Directive<\/td>\n<td><a href=\"https:\/\/doi.org\/10.21552\/edpl\/2021\/2\/11\">https:\/\/doi.org\/10.21552\/edpl\/2021\/2\/11\u00a0<\/a><\/td>\n<\/tr>\n<tr>\n<td>2021\/02<\/td>\n<td>Carl Vander Maelen<\/td>\n<td>European Union \u2219 First of Many? First GDPR Transnational Code of Conduct Officially Approved After EDPB Opinions 16\/2021 and 17\/2021<\/td>\n<td><a href=\"https:\/\/doi.org\/10.21552\/edpl\/2021\/2\/12\">https:\/\/doi.org\/10.21552\/edpl\/2021\/2\/12\u00a0<\/a><\/td>\n<\/tr>\n<tr>\n<td>2021\/02<\/td>\n<td>Sebastian Zeitzmann<\/td>\n<td>Council of Europe \u2219 The Council of Europe\u2019s Troms\u00f8 Convention on Access to Official Documents<\/td>\n<td><a href=\"https:\/\/doi.org\/10.21552\/edpl\/2021\/2\/13\">https:\/\/doi.org\/10.21552\/edpl\/2021\/2\/13\u00a0<\/a><\/td>\n<\/tr>\n<tr>\n<td>2021\/02<\/td>\n<td>Julien Levis, Philipp Fischer<\/td>\n<td>Spain \u2219 GDPR \u2018Glasnost\u2019: The Spanish AEPD Raises the Transparency Bar and Sanctions Two Banks<\/td>\n<td><a href=\"https:\/\/doi.org\/10.21552\/edpl\/2021\/2\/14\">https:\/\/doi.org\/10.21552\/edpl\/2021\/2\/14<\/a><\/td>\n<\/tr>\n<tr>\n<td>2021\/02<\/td>\n<td>Joost Gerritsen<\/td>\n<td>The Netherlands \u2219 Administrative Court Judgment on the Interpretation of Commercial Interests as Legitimate Interests<\/td>\n<td><a href=\"https:\/\/doi.org\/10.21552\/edpl\/2021\/2\/15\">https:\/\/doi.org\/10.21552\/edpl\/2021\/2\/15\u00a0<\/a><\/td>\n<\/tr>\n<tr>\n<td>2021\/02<\/td>\n<td>Giorgia Bincoletto<\/td>\n<td>Italy \u2219 Supreme Court of Cassation on Automated Decision Making: Invalid Consent if an Algorithm is Not Transparent<\/td>\n<td><a href=\"https:\/\/doi.org\/10.21552\/edpl\/2021\/2\/16\">https:\/\/doi.org\/10.21552\/edpl\/2021\/2\/16\u00a0<\/a><\/td>\n<\/tr>\n<tr>\n<td>2021\/02<\/td>\n<td>Kristin Benedikt<\/td>\n<td>Germany \u2219 New Act on Privacy and Electronic Communications<\/td>\n<td><a href=\"https:\/\/doi.org\/10.21552\/edpl\/2021\/2\/17\">https:\/\/doi.org\/10.21552\/edpl\/2021\/2\/17\u00a0<\/a><\/td>\n<\/tr>\n<tr>\n<td>2021\/02<\/td>\n<td>Maria Grazia Porcedda<\/td>\n<td>Ireland \u2219 Data Protection Implications of Data-driven Measures Adopted in Ireland at the Outset of the Covid-19 Pandemic<\/td>\n<td><a href=\"https:\/\/doi.org\/10.21552\/edpl\/2021\/2\/18\">https:\/\/doi.org\/10.21552\/edpl\/2021\/2\/18\u00a0<\/a><\/td>\n<\/tr>\n<tr>\n<td>2021\/02<\/td>\n<td>Jan Skrabka<\/td>\n<td>Czech Republic \u2219 The EU Whistleblowing Directive and its implementation in the Czech Republic: Pandemic and Post-Pandemic Challenges in Whistleblower Protection<\/td>\n<td><a href=\"https:\/\/doi.org\/10.21552\/edpl\/2021\/2\/19\">https:\/\/doi.org\/10.21552\/edpl\/2021\/2\/19\u00a0<\/a><\/td>\n<\/tr>\n<tr>\n<td>2021\/02<\/td>\n<td>Alvaro Moret\u00f3n, Ariadna Jaramillo<\/td>\n<td>Practitioners\u2019 Corner \u2219 Anonymisation and Re-Identification Risk for Voice Data<\/td>\n<td><a href=\"https:\/\/doi.org\/10.21552\/edpl\/2021\/2\/20\">https:\/\/doi.org\/10.21552\/edpl\/2021\/2\/20\u00a0<\/a><\/td>\n<\/tr>\n<tr>\n<td>2021\/02<\/td>\n<td>Jens Nebel<\/td>\n<td>Practitioners\u2019 Corner \u2219 Administrative Fines for Infringement of Information Duties:Aggravating and Mitigating Factors in Light of Data Subjects\u2019 Indifference<\/td>\n<td><a href=\"https:\/\/doi.org\/10.21552\/edpl\/2021\/2\/21\">https:\/\/doi.org\/10.21552\/edpl\/2021\/2\/21\u00a0<\/a><\/td>\n<\/tr>\n<tr>\n<td>2021\/01<\/td>\n<td>Lisette Mustert<\/td>\n<td>European Union \u2219 The First Article 65 Decision \u2013 Correct and Consistent Application of the GDPR Ensured?<\/td>\n<td><a href=\"https:\/\/doi.org\/10.21552\/edpl\/2021\/1\/12\">https:\/\/doi.org\/10.21552\/edpl\/2021\/1\/12<\/a><\/td>\n<\/tr>\n<tr>\n<td>2021\/01<\/td>\n<td>Sandra Schmitz-Berndt, Fabian Anheier<\/td>\n<td>European Union \u2219 Synergies in Cybersecurity Incident Reporting \u2013 The NIS Cooperation Group Publication 04\/20 in Context<\/td>\n<td><a href=\"https:\/\/doi.org\/10.21552\/edpl\/2021\/1\/13\">https:\/\/doi.org\/10.21552\/edpl\/2021\/1\/13\u00a0<\/a><\/td>\n<\/tr>\n<tr>\n<td>2021\/01<\/td>\n<td>Natalija Bitiukova<\/td>\n<td>GDPR Implementation Series \u2219 Lithuania<\/td>\n<td><a href=\"https:\/\/doi.org\/10.21552\/edpl\/2021\/1\/14\">https:\/\/doi.org\/10.21552\/edpl\/2021\/1\/14\u00a0<\/a><\/td>\n<\/tr>\n<tr>\n<td>2021\/01<\/td>\n<td>Giorgia Bincoletto<\/td>\n<td>Italy \u2219 Italian DPA Balancing Data Protection and Freedom of Expression: Essentiality and Fairness as key principles<\/td>\n<td><a href=\"https:\/\/doi.org\/10.21552\/edpl\/2021\/1\/15\">https:\/\/doi.org\/10.21552\/edpl\/2021\/1\/15\u00a0<\/a><\/td>\n<\/tr>\n<tr>\n<td>2021\/01<\/td>\n<td>Annika Selzer<\/td>\n<td>Practitioners\u2019 Corner \u2219 The Appropriateness of Technical and Organisational Measures under Article 32 GDPR<\/td>\n<td><a href=\"https:\/\/doi.org\/10.21552\/edpl\/2021\/1\/16\">https:\/\/doi.org\/10.21552\/edpl\/2021\/1\/16\u00a0<\/a><\/td>\n<\/tr>\n<\/tbody>\n<\/table>\n<h4>\u00a0<\/h4>\n<h4><a id=\"edpl2020\"><\/a>2020<\/h4>\n<table class=\" alignleft\" style=\"border-collapse: collapse;\">\n<tbody>\n<tr style=\"height: 24px;\">\n<th style=\"width: 8%; height: 24px;\"><strong>Ausgabe<\/strong><\/th>\n<th style=\"width: 22%; height: 24px;\"><strong>Autor<\/strong><\/th>\n<th style=\"width: 45%; height: 24px;\"><strong>Titel<\/strong><\/th>\n<th style=\"width: 25%; height: 24px;\"><strong>DOI<\/strong><\/th>\n<\/tr>\n<tr>\n<td>2020\/04<\/td>\n<td>Giorgia Bincoletto<\/td>\n<td>Italy \u2219 Italian DPA Against Vodafone: History of a \u20ac12 million Fine<\/td>\n<td><a href=\"https:\/\/doi.org\/10.21552\/edpl\/2020\/4\/11\">https:\/\/doi.org\/10.21552\/edpl\/2020\/4\/11\u00a0<\/a><\/td>\n<\/tr>\n<tr>\n<td>2020\/04<\/td>\n<td>Niki Georgiadou, George Kakarelidis<\/td>\n<td>Greece \u2219 Flight 9525 Crash: Balance Between the Rights of Medical Confidentiality and the General Right of Public Safety under Greek Law<\/td>\n<td><a href=\"https:\/\/doi.org\/10.21552\/edpl\/2020\/4\/12\">https:\/\/doi.org\/10.21552\/edpl\/2020\/4\/12\u00a0<\/a><\/td>\n<\/tr>\n<tr>\n<td>2020\/04<\/td>\n<td>Christina Etteldorf<\/td>\n<td>European Union \u2219 A New Wind in the Sails of the EU ePrivacy-Regulation or Hot Air Only? On an Updated Input from the Council of the EU under German Presidency<\/td>\n<td><a href=\"https:\/\/doi.org\/10.21552\/edpl\/2020\/4\/13\">https:\/\/doi.org\/10.21552\/edpl\/2020\/4\/13\u00a0<\/a><\/td>\n<\/tr>\n<tr>\n<td>2020\/04<\/td>\n<td>Giorgia Bincoletto<\/td>\n<td>European Union \u2219 EDPB Guidelines 4\/2019 on Data Protection by Design and by Default<\/td>\n<td><a href=\"https:\/\/doi.org\/10.21552\/edpl\/2020\/4\/14\">https:\/\/doi.org\/10.21552\/edpl\/2020\/4\/14\u00a0<\/a><\/td>\n<\/tr>\n<tr>\n<td>2020\/04<\/td>\n<td>David Ciliberti<\/td>\n<td>GDPR Implementation Series \u2219 Malta: An Overview of the GDPR Implementation<\/td>\n<td><a href=\"https:\/\/doi.org\/10.21552\/edpl\/2020\/4\/15\">https:\/\/doi.org\/10.21552\/edpl\/2020\/4\/15\u00a0<\/a><\/td>\n<\/tr>\n<tr>\n<td>2020\/04<\/td>\n<td>Amanda Antonely A. Bispo<\/td>\n<td>Practitioner&#8217;s Corner \u2219 Open Banking and the Decentralization of Payments in the EU: Untwining the PSD2<\/td>\n<td><a href=\"https:\/\/doi.org\/10.21552\/edpl\/2020\/4\/16\">https:\/\/doi.org\/10.21552\/edpl\/2020\/4\/16\u00a0<\/a><\/td>\n<\/tr>\n<tr>\n<td>2020\/04<\/td>\n<td>Maria Mitjans Serveto<\/td>\n<td>Practitioner\u2019s Corner \u2219 Exercising GDPR Data Subjects\u2019 Rights: Empirical Research on the Right to Explanation of News Recommender Systems<\/td>\n<td><a href=\"https:\/\/doi.org\/10.21552\/edpl\/2020\/4\/17\">https:\/\/doi.org\/10.21552\/edpl\/2020\/4\/17\u00a0<\/a><\/td>\n<\/tr>\n<tr>\n<td>2020\/03<\/td>\n<td>Martin Zahariev, Radoslava Makshutova<\/td>\n<td>GDPR Implementation Series \u2219 Bulgaria<\/td>\n<td><a href=\"https:\/\/doi.org\/10.21552\/edpl\/2020\/3\/12\">https:\/\/doi.org\/10.21552\/edpl\/2020\/3\/12\u00a0<\/a><\/td>\n<\/tr>\n<tr>\n<td>2020\/03<\/td>\n<td>Alina \u0160kilji\u0107<\/td>\n<td>Croatia \u2219 \u2018Stop COVID-19\u2019: The Croatian Application for Contact Tracing &#8211; Overview and Privacy-related Uncertainties<\/td>\n<td><a href=\"https:\/\/doi.org\/10.21552\/edpl\/2020\/3\/13\">https:\/\/doi.org\/10.21552\/edpl\/2020\/3\/13\u00a0<\/a><\/td>\n<\/tr>\n<tr>\n<td>2020\/03<\/td>\n<td>Angela Busacca\u00a0<\/td>\n<td>Italy \u2219 Covid-19 Emergency and Personal Data Protection at the Workplace: A Focus on the Italian Situation<\/td>\n<td><a href=\"https:\/\/doi.org\/10.21552\/edpl\/2020\/3\/14\">https:\/\/doi.org\/10.21552\/edpl\/2020\/3\/14\u00a0<\/a><\/td>\n<\/tr>\n<tr>\n<td>2020\/03<\/td>\n<td>David Erdos<\/td>\n<td>United Kingdom \u2219 Ensuring Legal Accountability of the UK Data Protection Authority: From Cause for Data Subject Complaint to a Model for Europe?<\/td>\n<td><a href=\"https:\/\/doi.org\/10.21552\/edpl\/2020\/3\/15\">https:\/\/doi.org\/10.21552\/edpl\/2020\/3\/15\u00a0<\/a><\/td>\n<\/tr>\n<tr>\n<td>2020\/03<\/td>\n<td>Lorna Woods<\/td>\n<td>United Kingdom \u2219 Automated Facial Recognition in the UK: The Bridges Case and Beyond<\/td>\n<td><a href=\"https:\/\/doi.org\/10.21552\/edpl\/2020\/3\/16\">https:\/\/doi.org\/10.21552\/edpl\/2020\/3\/16\u00a0<\/a><\/td>\n<\/tr>\n<tr>\n<td>2020\/03<\/td>\n<td>Alvaro Moreton, Ariadna Jaramillo<\/td>\n<td>Practitioners Corner \u2219 How can Private Information Recorded by Voice-enabled Systems be Identified?\u00a0<\/td>\n<td><a href=\"https:\/\/doi.org\/10.21552\/edpl\/2020\/3\/17\">https:\/\/doi.org\/10.21552\/edpl\/2020\/3\/17\u00a0<\/a><\/td>\n<\/tr>\n<tr>\n<td>2020\/02<\/td>\n<td>Sergio Guida<\/td>\n<td>European Union \u2219 The European Data Protection Board\u2019s Position on the Processing of Personal Data in the Context of Covid-19\u00a0<\/td>\n<td><a href=\"https:\/\/doi.org\/10.21552\/edpl\/2020\/2\/12\">https:\/\/doi.org\/10.21552\/edpl\/2020\/2\/12\u00a0<\/a><\/td>\n<\/tr>\n<tr>\n<td>2020\/02<\/td>\n<td>Christina Etteldorf<\/td>\n<td>European Union \u2219 EU Member State Data Protection Authorities Deal with Covid-19: An Overview<\/td>\n<td><a href=\"https:\/\/doi.org\/10.21552\/edpl\/2020\/2\/13\">https:\/\/doi.org\/10.21552\/edpl\/2020\/2\/13\u00a0<\/a><\/td>\n<\/tr>\n<tr>\n<td>2020\/02<\/td>\n<td>Juraj Sajfert<\/td>\n<td>GDPR Implementation Series \u2219 Croatia: Minimum Service for the Implementation, Big Service to the Public Sector<\/td>\n<td><a href=\"https:\/\/doi.org\/10.21552\/edpl\/2020\/2\/14\">https:\/\/doi.org\/10.21552\/edpl\/2020\/2\/14\u00a0<\/a><\/td>\n<\/tr>\n<tr>\n<td>2020\/02<\/td>\n<td>Jakub M\u00ed\u0161ek, Franti\u0161ek Kasl, Pavel Loutock\u00fd<\/td>\n<td>GDPR Implementation Series \u2219 Czech Republic: Personal Data Protection Law<\/td>\n<td><a href=\"https:\/\/doi.org\/10.21552\/edpl\/2020\/2\/15\">https:\/\/doi.org\/10.21552\/edpl\/2020\/2\/15\u00a0<\/a><\/td>\n<\/tr>\n<tr>\n<td>2020\/02<\/td>\n<td>Paloma Kr\u00f5\u00f5t Tupay<\/td>\n<td>Estonia, the Digital Nation: Reflections on a Digital Citizen\u2019s Rights in the European Union\u00a0<\/td>\n<td><a href=\"https:\/\/doi.org\/10.21552\/edpl\/2020\/2\/16\">https:\/\/doi.org\/10.21552\/edpl\/2020\/2\/16\u00a0<\/a><\/td>\n<\/tr>\n<tr>\n<td>2020\/02<\/td>\n<td>Magdalena Brewczy\u0144ska<\/td>\n<td>Poland \u2219 The Polish Government&#8217;s Actions to Fight Covid-19: A Critical Look at the \u2018Selfie App\u2019 and Direct Access to Location Data<\/td>\n<td><a href=\"https:\/\/doi.org\/10.21552\/edpl\/2020\/2\/17\">https:\/\/doi.org\/10.21552\/edpl\/2020\/2\/17\u00a0<\/a><\/td>\n<\/tr>\n<tr>\n<td>2020\/02<\/td>\n<td>Njom\u00ebza Zejnullahu<\/td>\n<td>Kosovo \u2219 Personal Data Protection in Kosovo, Three Years of Failure<\/td>\n<td><a href=\"https:\/\/doi.org\/10.21552\/edpl\/2020\/2\/18\">https:\/\/doi.org\/10.21552\/edpl\/2020\/2\/18\u00a0<\/a><\/td>\n<\/tr>\n<tr>\n<td>2020\/01<\/td>\n<td>Dan Jerker B. Svantesson<\/td>\n<td>European Union \u2219 EDPB Opinion 8\/2019 on the Competence of a Supervisory Authority in Case of Establishment Changes\u00a0<\/td>\n<td><a href=\"https:\/\/doi.org\/10.21552\/edpl\/2020\/1\/12\">https:\/\/doi.org\/10.21552\/edpl\/2020\/1\/12<\/a>\u00a0<\/td>\n<\/tr>\n<tr>\n<td>2020\/01<\/td>\n<td>Christina Etteldorf<\/td>\n<td>European Union \u00b7 EDPB Publishes Guidelines on Data Processing Through Video Devices<\/td>\n<td><a href=\"https:\/\/doi.org\/10.21552\/edpl\/2020\/1\/13\">https:\/\/doi.org\/10.21552\/edpl\/2020\/1\/13<\/a><\/td>\n<\/tr>\n<tr>\n<td>2020\/01<\/td>\n<td>Lilian Mitrou<\/td>\n<td>GDPR Implementation Series \u00b7 Greece: The New Data Protection Framework<\/td>\n<td><a href=\"https:\/\/doi.org\/10.21552\/edpl\/2020\/1\/14\">https:\/\/doi.org\/10.21552\/edpl\/2020\/1\/14<\/a><\/td>\n<\/tr>\n<tr>\n<td>2020\/01<\/td>\n<td>M\u0101ris Ru\u0137ers<\/td>\n<td>GDPR Implementation Series \u2219 Latvia: The Implementation of the GDPR in a New Legislative Framework<\/td>\n<td><a href=\"https:\/\/doi.org\/10.21552\/edpl\/2020\/1\/15\">https:\/\/doi.org\/10.21552\/edpl\/2020\/1\/15\u00a0<\/a><\/td>\n<\/tr>\n<tr>\n<td>2020\/01<\/td>\n<td>Helena U Vrabec<\/td>\n<td>GDPR Implementation Series \u2219 Slovenia: Introduction to the Most Recent Public Draft of the GDPR Implementing Law\u00a0<\/td>\n<td><a href=\"https:\/\/doi.org\/10.21552\/edpl\/2020\/1\/16\">https:\/\/doi.org\/10.21552\/edpl\/2020\/1\/16\u00a0<\/a><\/td>\n<\/tr>\n<tr>\n<td>2020\/01<\/td>\n<td>Arvid Peix<\/td>\n<td>Austrian Constitutional Court: Number Plate Recognition and \u2018Trojan Horse\u2019 Software Are Unconstitutional<\/td>\n<td><a href=\"https:\/\/doi.org\/10.21552\/edpl\/2020\/1\/17\">https:\/\/doi.org\/10.21552\/edpl\/2020\/1\/17\u00a0<\/a><\/td>\n<\/tr>\n<tr>\n<td>2020\/01<\/td>\n<td>Laurens Vandercruysse, Caroline Buts, Micha\u00ebl Dooms<\/td>\n<td>Practitioner\u2019s Corner \u2219 Beyond Data Controllership: Merits of a Generic DPIA by Hardware and Technology Suppliers<\/td>\n<td><a href=\"https:\/\/doi.org\/10.21552\/edpl\/2020\/1\/18\">https:\/\/doi.org\/10.21552\/edpl\/2020\/1\/18\u00a0<\/a><\/td>\n<\/tr>\n<\/tbody>\n<\/table>\n<h4>\u00a0<\/h4>\n<h4><a id=\"edpl2019\"><\/a>2019<\/h4>\n<table class=\" alignleft\" style=\"border-collapse: collapse;\">\n<tbody>\n<tr style=\"height: 24px;\">\n<th style=\"width: 8%; height: 24px;\"><strong>Ausgabe<\/strong><\/th>\n<th style=\"width: 22%; height: 24px;\"><strong>Autor<\/strong><\/th>\n<th style=\"width: 45%; height: 24px;\"><strong>Titel<\/strong><\/th>\n<th style=\"width: 25%; height: 24px;\"><strong>DOI<\/strong><\/th>\n<\/tr>\n<tr>\n<td>2019\/04<\/td>\n<td>Angelica Fernandez<\/td>\n<td>European Union \u2219 EDPB Opinion 14\/2019 on Standard Contractual Clauses for Processors under Article 28(8) GDPR<\/td>\n<td><a href=\"https:\/\/doi.org\/10.21552\/edpl\/2019\/4\/11\">https:\/\/doi.org\/10.21552\/edpl\/2019\/4\/11<\/a><\/td>\n<\/tr>\n<tr>\n<td>2019\/04<\/td>\n<td>Andr\u00e1s J\u00f3ri<\/td>\n<td>GDPR Implementation Series \u2219 Hungary: Introduction to the GDPR Application and a Brief History of Data Protection<\/td>\n<td><a href=\"https:\/\/doi.org\/10.21552\/edpl\/2019\/4\/12\">https:\/\/doi.org\/10.21552\/edpl\/2019\/4\/12<\/a><\/td>\n<\/tr>\n<tr>\n<td>2019\/04<\/td>\n<td>A. B. Menezes Cordeiro<\/td>\n<td>GDPR Implementation Series \u2219 Portugal: A Brief Overview of the GDPR Implementation<\/td>\n<td><a href=\"https:\/\/doi.org\/10.21552\/edpl\/2019\/4\/13\">https:\/\/doi.org\/10.21552\/edpl\/2019\/4\/13<\/a><\/td>\n<\/tr>\n<tr>\n<td>2019\/04<\/td>\n<td>Mat\u00fas Mesar\u010d\u00edk<\/td>\n<td>GDPR Implementation Series \u2219 Slovakia: On the Way to Accountability?<\/td>\n<td><a href=\"https:\/\/doi.org\/10.21552\/edpl\/2019\/4\/14\">https:\/\/doi.org\/10.21552\/edpl\/2019\/4\/14\u00a0<\/a><\/td>\n<\/tr>\n<tr>\n<td>2019\/04<\/td>\n<td>Tobias Raab<\/td>\n<td>Germany \u2219 Video Surveillance and Face Recognition: Current Developments<\/td>\n<td><a href=\"https:\/\/doi.org\/10.21552\/edpl\/2019\/4\/15\">https:\/\/doi.org\/10.21552\/edpl\/2019\/4\/15\u00a0<\/a><\/td>\n<\/tr>\n<tr>\n<td>2019\/04<\/td>\n<td>Teresa Quintel<\/td>\n<td>Sweden \u2219 The First GDPR Fine in the Country of Openness: Is Sweden Moving towards More Privacy?<\/td>\n<td><a href=\"https:\/\/doi.org\/10.21552\/edpl\/2019\/4\/15\">https:\/\/doi.org\/10.21552\/edpl\/2019\/4\/15<\/a><\/td>\n<\/tr>\n<tr>\n<td>2019\/04<\/td>\n<td>Laurens Vandercruysse, Caroline Buts, Micha\u00ebl Dooms<\/td>\n<td>Practitioner&#8217;s Corner \u2219 Data Control in Smart City Services: Pitfalls and How to Resolve Them<\/td>\n<td><a href=\"https:\/\/doi.org\/10.21552\/edpl\/2019\/4\/16\">https:\/\/doi.org\/10.21552\/edpl\/2019\/4\/16<\/a><\/td>\n<\/tr>\n<tr>\n<td>2019\/03<\/td>\n<td>Teresa Quintel<\/td>\n<td>European Union \u2219 Eurojust\u2019s Judicial Counter Terrorism Register or How a Council Decision from 2005 Became the Legal Basis for a New Centralised Database<\/td>\n<td><a href=\"https:\/\/doi.org\/10.21552\/edpl\/2019\/3\/12\">https:\/\/doi.org\/10.21552\/edpl\/2019\/3\/12\u00a0<\/a><\/td>\n<\/tr>\n<tr>\n<td>2019\/03<\/td>\n<td>Christiana Markou<\/td>\n<td>GDPR Implementation Series \u2219 Cyprus: A Look into the Law for the Effective Application of the GDPR<\/td>\n<td><a href=\"https:\/\/doi.org\/10.21552\/edpl\/2019\/3\/13\">https:\/\/doi.org\/10.21552\/edpl\/2019\/3\/13<\/a><\/td>\n<\/tr>\n<tr>\n<td>2019\/03<\/td>\n<td>Christina Etteldorf<\/td>\n<td>GDPR Implementation Series \u2219 Germany Revisited: The Second Data Protection Adaption and Implementation Act<\/td>\n<td><a href=\"https:\/\/doi.org\/10.21552\/edpl\/2019\/3\/14\">https:\/\/doi.org\/10.21552\/edpl\/2019\/3\/14\u00a0<\/a><\/td>\n<\/tr>\n<tr>\n<td>2019\/03<\/td>\n<td>Ioannis Iglezakis<\/td>\n<td>Greece \u2219 Messenger Messages and Facebook Photographs as Means of Evidence \u2013 Heraklion Jury Trial Court (Mixed) 21\/2019<\/td>\n<td><a href=\"https:\/\/doi.org\/10.21552\/edpl\/2019\/3\/15\">https:\/\/doi.org\/10.21552\/edpl\/2019\/3\/15\u00a0<\/a><\/td>\n<\/tr>\n<tr>\n<td>2019\/03<\/td>\n<td>Ashit Kumar Srivastava<\/td>\n<td>India \u2219 Data Protection Law in India: The Search for Goldilocks Effect<\/td>\n<td><a href=\"https:\/\/doi.org\/10.21552\/edpl\/2019\/3\/16\">https:\/\/doi.org\/10.21552\/edpl\/2019\/3\/16\u00a0<\/a><\/td>\n<\/tr>\n<tr>\n<td>2019\/03<\/td>\n<td>Matthias Enzmann, Annika Seizer, Dominik Spychalski<\/td>\n<td>Practitioner\u2019s Corner \u2219 Data Erasure under the GDPR \u2013 Steps towards Compliance<\/td>\n<td><a href=\"https:\/\/doi.org\/10.21552\/edpl\/2019\/3\/17\">https:\/\/doi.org\/10.21552\/edpl\/2019\/3\/17\u00a0<\/a><\/td>\n<\/tr>\n<tr>\n<td>2019\/03<\/td>\n<td>Rosanna Mannan, Rahul Sethuram, Lauryn Younge<\/td>\n<td>Practitioner\u2019s Corner \u2219 GDPR and Blockchain: A Compliance Approach<\/td>\n<td><a href=\"https:\/\/doi.org\/10.21552\/edpl\/2019\/3\/18\">https:\/\/doi.org\/10.21552\/edpl\/2019\/3\/18\u00a0<\/a><\/td>\n<\/tr>\n<tr>\n<td>2019\/03<\/td>\n<td>J\u00f6rn Erbguth<\/td>\n<td>Practitioner\u2019s Corner \u2219 Five Ways to GDPR-Compliant Use of Blockchains<\/td>\n<td><a href=\"https:\/\/doi.org\/10.21552\/edpl\/2019\/3\/19\">https:\/\/doi.org\/10.21552\/edpl\/2019\/3\/19\u00a0<\/a><\/td>\n<\/tr>\n<tr>\n<td>2019\/02<\/td>\n<td>P\u00e4ivi Korpisaari<\/td>\n<td>GDPR Implementation Series \u2219 Finland: A Brief Overview of the GDPR Implementation<\/td>\n<td><a href=\"https:\/\/doi.org\/10.21552\/edpl\/2019\/2\/13\">https:\/\/doi.org\/10.21552\/edpl\/2019\/2\/13\u00a0<\/a><\/td>\n<\/tr>\n<tr>\n<td>2019\/02<\/td>\n<td>Christina Etteldorf<\/td>\n<td>Germany \u2219 Data \u2018Protection\u2019 from a Different Perspective: German Competition Authority Targets Facebook\u2019s Data Usage<\/td>\n<td><a href=\"https:\/\/doi.org\/10.21552\/edpl\/2019\/2\/14\">https:\/\/doi.org\/10.21552\/edpl\/2019\/2\/14<\/a><\/td>\n<\/tr>\n<tr>\n<td>2019\/02<\/td>\n<td>Christina Etteldorf<\/td>\n<td>European Union \u2219 EDPB on the Interplay between the ePrivacy Directive and the GDPR<\/td>\n<td><a href=\"https:\/\/doi.org\/10.21552\/edpl\/2019\/2\/12\">https:\/\/doi.org\/10.21552\/edpl\/2019\/2\/12\u00a0<\/a><\/td>\n<\/tr>\n<tr>\n<td>2019\/02<\/td>\n<td>S\u00f6ren Zimmermann<\/td>\n<td>Israel \u2219 The Legal Framework of Data Protection in Israel: A European Perspective<\/td>\n<td><a href=\"https:\/\/doi.org\/10.21552\/edpl\/2019\/2\/15\">https:\/\/doi.org\/10.21552\/edpl\/2019\/2\/15\u00a0<\/a><\/td>\n<\/tr>\n<tr>\n<td>2019\/01<\/td>\n<td>Jan Henrich<\/td>\n<td>Council of Europe on the Protection of Children\u2019s Privacy and Their Personal Data in the Digital Environment<\/td>\n<td><a href=\"https:\/\/doi.org\/10.21552\/edpl\/2019\/1\/12\">https:\/\/doi.org\/10.21552\/edpl\/2019\/1\/12<\/a><\/td>\n<\/tr>\n<tr>\n<td>2019\/01<\/td>\n<td>Olivia Tambou<\/td>\n<td>France \u2219 Lessons from the First Post-GDPR Fines of the CNIL against Google LLC<\/td>\n<td><a href=\"https:\/\/doi.org\/10.21552\/edpl\/2019\/1\/13\">https:\/\/doi.org\/10.21552\/edpl\/2019\/1\/13\u00a0<\/a><\/td>\n<\/tr>\n<tr>\n<td>2019\/01<\/td>\n<td>Christina Etteldorf<\/td>\n<td>Germany \u2219 Data Protection Authorities Give Guidance on Direct Marketing under GDPR<\/td>\n<td><a href=\"https:\/\/doi.org\/10.21552\/edpl\/2019\/1\/14\">https:\/\/doi.org\/10.21552\/edpl\/2019\/1\/14\u00a0<\/a><\/td>\n<\/tr>\n<tr>\n<td>2019\/01<\/td>\n<td>Hitomi Iwase<\/td>\n<td>Japan \u2219 Overview of the Act on the Protection of Personal Information<\/td>\n<td><a href=\"https:\/\/doi.org\/10.21552\/edpl\/2019\/1\/15\">https:\/\/doi.org\/10.21552\/edpl\/2019\/1\/15<\/a><\/td>\n<\/tr>\n<tr>\n<td>2019\/01<\/td>\n<td>Eleni Kyriakides<\/td>\n<td>United States of America \u2219 The CLOUD Act, E-Evidence, and Individual Rights<\/td>\n<td><a href=\"https:\/\/doi.org\/10.21552\/edpl\/2019\/1\/16\">https:\/\/doi.org\/10.21552\/edpl\/2019\/1\/16\u00a0<\/a><\/td>\n<\/tr>\n<tr>\n<td>2019\/01<\/td>\n<td>Sjoera Nas<\/td>\n<td>Practitioner\u2019s Corner \u2219 Data Protection Impact Assessment: Assessing the Risks of Using Microsoft Office ProPlus<\/td>\n<td><a href=\"https:\/\/doi.org\/10.21552\/edpl\/2019\/1\/17\">https:\/\/doi.org\/10.21552\/edpl\/2019\/1\/17\u00a0<\/a><\/td>\n<\/tr>\n<tr>\n<td>2019\/01<\/td>\n<td>Wanng Lei<\/td>\n<td>Practitioner\u2019s Corner \u2219 Overview and Analysis of Data Utilisation Disputes and Cases in China<\/td>\n<td><a href=\"https:\/\/doi.org\/10.21552\/edpl\/2019\/1\/18\">https:\/\/doi.org\/10.21552\/edpl\/2019\/1\/18\u00a0<\/a><\/td>\n<\/tr>\n<\/tbody>\n<\/table>\n<h4>\u00a0<\/h4>\n<h4><a id=\"edpl2018\"><\/a>2018<\/h4>\n<table class=\" alignleft\" style=\"border-collapse: collapse;\">\n<tbody>\n<tr style=\"height: 24px;\">\n<th style=\"width: 8%; height: 24px;\"><strong>Ausgabe<\/strong><\/th>\n<th style=\"width: 22%; height: 24px;\"><strong>Autor<\/strong><\/th>\n<th style=\"width: 45%; height: 24px;\"><strong>Titel<\/strong><\/th>\n<th style=\"width: 25%; height: 24px;\"><strong>DOI<\/strong><\/th>\n<\/tr>\n<tr>\n<td>2018\/04<\/td>\n<td>Giusella Finocchiaro<\/td>\n<td>GDPR Implementation Series \u2219 Italy: The Legislative Procedure for National Harmonisation with the GDPR<\/td>\n<td><a href=\"https:\/\/doi.org\/10.21552\/edpl\/2018\/4\/12\">https:\/\/doi.org\/10.21552\/edpl\/2018\/4\/12<\/a><\/td>\n<\/tr>\n<tr>\n<td>2018\/04<\/td>\n<td>Rapha\u00ebl Gellert<\/td>\n<td>European Union \u2219 EDPB Opinion on the Draft Lists of Competent Supervisory Authorities Regarding the Processing Operations Subject to DPIAs<\/td>\n<td><a href=\"https:\/\/doi.org\/10.21552\/edpl\/2018\/4\/13\">https:\/\/doi.org\/10.21552\/edpl\/2018\/4\/13<\/a><\/td>\n<\/tr>\n<tr>\n<td>2018\/04<\/td>\n<td>Teresa Quintel<\/td>\n<td>European Union \u2219 The Commission Proposal and EDPS Opinion 7\/2018 on the Proposed Regulation Concerning Identity Cards of Union Citizens and Other Documents<\/td>\n<td><a href=\"https:\/\/doi.org\/10.21552\/edpl\/2018\/4\/14\">https:\/\/doi.org\/10.21552\/edpl\/2018\/4\/14<\/a><\/td>\n<\/tr>\n<tr>\n<td>2018\/04<\/td>\n<td>Jan Henrich<\/td>\n<td>Germany \u2219 German Unfair Competition Law and the GDPR \u2013 Courts Are Indecisive about Parallel Remedies<\/td>\n<td><a href=\"https:\/\/doi.org\/10.21552\/edpl\/2018\/4\/15\">https:\/\/doi.org\/10.21552\/edpl\/2018\/4\/15<\/a><\/td>\n<\/tr>\n<tr>\n<td>2018\/04<\/td>\n<td>Eleni Kosta<\/td>\n<td>United Kingdom \u2219 SSHD v Watson &amp; Ors: A \u2018Thin\u2019 Nail on the Coffin of UK Data Retention Legislation<\/td>\n<td><a href=\"https:\/\/doi.org\/10.21552\/edpl\/2018\/4\/16\">https:\/\/doi.org\/10.21552\/edpl\/2018\/4\/16<\/a><\/td>\n<\/tr>\n<tr>\n<td>2018\/04<\/td>\n<td>Katrien Keyaerts<\/td>\n<td>United States \u2219 Carpenter v US: Supreme Court Rules Police Need a Warrant to Obtain Cell-Site Location Information<\/td>\n<td><a href=\"https:\/\/doi.org\/10.21552\/edpl\/2018\/4\/17\">https:\/\/doi.org\/10.21552\/edpl\/2018\/4\/17<\/a><\/td>\n<\/tr>\n<tr>\n<td>2018\/04<\/td>\n<td>Patrick Van Eecke, Anne-Gabrielle Haie<\/td>\n<td>Practitioner\u2019s Corner \u2219 Blockchain and the GDPR: The EU Blockchain Observatory Report<\/td>\n<td><a href=\"https:\/\/doi.org\/10.21552\/edpl\/2018\/4\/18\">https:\/\/doi.org\/10.21552\/edpl\/2018\/4\/18<\/a><\/td>\n<\/tr>\n<tr>\n<td>2018\/04<\/td>\n<td>Sarah Wang Han, Abu Bakar Munir<\/td>\n<td>Practitioner\u2019s Corner \u2219 Information Security Technology \u2013 Personal Information Security Specification: China\u2019s Version of the GDPR?<\/td>\n<td><a href=\"https:\/\/doi.org\/10.21552\/edpl\/2018\/4\/19\">https:\/\/doi.org\/10.21552\/edpl\/2018\/4\/19<\/a><\/td>\n<\/tr>\n<tr>\n<td>2018\/03<\/td>\n<td>Gavin Robinson<\/td>\n<td>European Union \u2219 The European Commission\u2019s e-Evidence Proposal<\/td>\n<td><a href=\"https:\/\/doi.org\/10.21552\/edpl\/2018\/3\/13\">https:\/\/doi.org\/10.21552\/edpl\/2018\/3\/13<\/a><\/td>\n<\/tr>\n<tr>\n<td>2018\/03<\/td>\n<td>St\u00e9phanie De Smedt, Val\u00e9rie Verstraeten<\/td>\n<td>GDPR Implementation Series \u2219 Belgium: Substantial Reform of Supervisory Authority and Framework Implementing Act Finally Adopted<\/td>\n<td><a href=\"https:\/\/doi.org\/10.21552\/edpl\/2018\/3\/14\">https:\/\/doi.org\/10.21552\/edpl\/2018\/3\/14<\/a><\/td>\n<\/tr>\n<tr>\n<td>2018\/03<\/td>\n<td>Paul Breitbarth<\/td>\n<td>GDPR Implementation Series \u2219 Netherlands: The GDPR Implementation Act<\/td>\n<td><a href=\"https:\/\/doi.org\/10.21552\/edpl\/2018\/3\/15\">https:\/\/doi.org\/10.21552\/edpl\/2018\/3\/15<\/a><\/td>\n<\/tr>\n<tr>\n<td>2018\/03<\/td>\n<td>Marius Petroiu<\/td>\n<td>GDPR Implementation Series \u2219 Romania: Overview of the GDPR Implementation<\/td>\n<td><a href=\"https:\/\/doi.org\/10.21552\/edpl\/2018\/3\/16\">https:\/\/doi.org\/10.21552\/edpl\/2018\/3\/16<\/a><\/td>\n<\/tr>\n<tr>\n<td>2018\/03<\/td>\n<td>Christina Etteldorf<\/td>\n<td>Germany \u2219 About Dashcams und Digital Estate &#8211; German Federal Court of Justice Weighs Up Data Protection Interests<\/td>\n<td><a href=\"https:\/\/doi.org\/10.21552\/edpl\/2018\/3\/17\">https:\/\/doi.org\/10.21552\/edpl\/2018\/3\/17<\/a><\/td>\n<\/tr>\n<tr>\n<td>2018\/03<\/td>\n<td>Sascha van Schendel<\/td>\n<td>The Netherlands \u2219 Challenges of New Technologies for Criminal Investigations<\/td>\n<td><a href=\"https:\/\/doi.org\/10.21552\/edpl\/2018\/3\/18\">https:\/\/doi.org\/10.21552\/edpl\/2018\/3\/18<\/a><\/td>\n<\/tr>\n<tr>\n<td>2018\/03<\/td>\n<td>Lorna Woods<\/td>\n<td>United Kingdom \u2219 ICO Reacts to Use of Data Analytics in Micro-Targetting for Political Purposes<\/td>\n<td><a href=\"https:\/\/doi.org\/10.21552\/edpl\/2018\/3\/19\">https:\/\/doi.org\/10.21552\/edpl\/2018\/3\/19<\/a><\/td>\n<\/tr>\n<tr>\n<td>2018\/03<\/td>\n<td>Patsy Kirkwood<\/td>\n<td>United Kingdom \u2219 NT1 &amp; NT2 v Google LLC &#8211; The Secretive Case Giving the UK Its First Decision on the Right to Be Forgotten<\/td>\n<td><a href=\"https:\/\/doi.org\/10.21552\/edpl\/2018\/3\/20\">https:\/\/doi.org\/10.21552\/edpl\/2018\/3\/20<\/a><\/td>\n<\/tr>\n<tr>\n<td>2018\/02<\/td>\n<td>Juraj Sajfert<\/td>\n<td>European Union \u2219 New Data Protection Regulation for EU Bodies &#8211; Another Piece of the Puzzle Completed<\/td>\n<td><a href=\"https:\/\/doi.org\/10.21552\/edpl\/2018\/2\/10\">https:\/\/doi.org\/10.21552\/edpl\/2018\/2\/10<\/a><\/td>\n<\/tr>\n<tr>\n<td>2018\/02<\/td>\n<td>Teresa Quintel<\/td>\n<td>European Union \u2219 EDPS and Article 29 Working Party Opinions about the Commission Proposals on the Interoperability of Databases<\/td>\n<td><a href=\"https:\/\/doi.org\/10.21552\/edpl\/2018\/2\/11\">https:\/\/doi.org\/10.21552\/edpl\/2018\/2\/11<\/a><\/td>\n<\/tr>\n<tr>\n<td>2018\/02<\/td>\n<td>Sharon McLaughlin<\/td>\n<td>GDPR Implementation Series \u2219 Ireland: A Brief Overview of the Implementation of the GDPR<\/td>\n<td><a href=\"https:\/\/doi.org\/10.21552\/edpl\/2018\/2\/12\">https:\/\/doi.org\/10.21552\/edpl\/2018\/2\/12<\/a><\/td>\n<\/tr>\n<tr>\n<td>2018\/02<\/td>\n<td>Christina Etteldorf<\/td>\n<td>Germany \u2219 Data Protection Authorities Try to Fill the Gap between GDPR and e-Privacy Rules<\/td>\n<td><a href=\"https:\/\/doi.org\/10.21552\/edpl\/2018\/2\/13\">https:\/\/doi.org\/10.21552\/edpl\/2018\/2\/13<\/a><\/td>\n<\/tr>\n<tr>\n<td>2018\/02<\/td>\n<td>J\u00f6rg Ukrow<\/td>\n<td>Practitioner\u2019s Corner \u2219 Data Protection without Frontiers? On the Relationship between EU GDPR and Amended CoE Convention 108<\/td>\n<td><a href=\"https:\/\/doi.org\/10.21552\/edpl\/2018\/2\/14\">https:\/\/doi.org\/10.21552\/edpl\/2018\/2\/14<\/a><\/td>\n<\/tr>\n<tr>\n<td>2018\/02<\/td>\n<td>Sebastian Klein<\/td>\n<td>Libert v France: ECtHR on the Protection of an Employee\u2019s Privacy Concerning Files on a Work Computer<\/td>\n<td><a href=\"https:\/\/doi.org\/10.21552\/edpl\/2018\/2\/16\">https:\/\/doi.org\/10.21552\/edpl\/2018\/2\/16<\/a><\/td>\n<\/tr>\n<tr>\n<td>2018\/01<\/td>\n<td>Olivia Tambou<\/td>\n<td>GDPR Implementation Series \u2219 France: The French Approach to the GDPR Implementation<\/td>\n<td><a href=\"https:\/\/doi.org\/10.21552\/edpl\/2018\/1\/12\">https:\/\/doi.org\/10.21552\/edpl\/2018\/1\/12<\/a><\/td>\n<\/tr>\n<tr>\n<td>2018\/01<\/td>\n<td>Andis Burkevics<\/td>\n<td>GDPR Implementation Series \u2219 Latvia: Draft Personal Data Processing Law<\/td>\n<td><a href=\"https:\/\/doi.org\/10.21552\/edpl\/2018\/1\/13\">https:\/\/doi.org\/10.21552\/edpl\/2018\/1\/13<\/a><\/td>\n<\/tr>\n<tr>\n<td>2018\/01<\/td>\n<td>Christine Storr, Pam Storr<\/td>\n<td>GDPR Implementation Series \u2219 Sweden: Quantitative (but Qualitative?) Changes in Privacy Legislation<\/td>\n<td><a href=\"https:\/\/doi.org\/10.21552\/edpl\/2018\/1\/14\">https:\/\/doi.org\/10.21552\/edpl\/2018\/1\/14<\/a><\/td>\n<\/tr>\n<tr>\n<td>2018\/01<\/td>\n<td>Teresa Quintel<\/td>\n<td>European Union \u2219 Article 29 Data Protection Working Party Opinion on the Law Enforcement Directive<\/td>\n<td><a href=\"https:\/\/doi.org\/10.21552\/edpl\/2018\/1\/15\">https:\/\/doi.org\/10.21552\/edpl\/2018\/1\/15<\/a><\/td>\n<\/tr>\n<tr>\n<td>2018\/01<\/td>\n<td>Sebastian Klein<\/td>\n<td>Germany \u2219 Federal Administrative Court Prohibits Storage and Use of Telecommunications Metadata by the Federal Intelligence Service<\/td>\n<td><a href=\"https:\/\/doi.org\/10.21552\/edpl\/2018\/1\/16\">https:\/\/doi.org\/10.21552\/edpl\/2018\/1\/16<\/a><\/td>\n<\/tr>\n<tr>\n<td>2018\/01<\/td>\n<td>Christina Etteldorf<\/td>\n<td>Germany \u2219 Consumer Association Succeeds in First Round of Dispute Concerning Facebook\u2019s Terms of Service and Privacy Settings<\/td>\n<td><a href=\"https:\/\/doi.org\/10.21552\/edpl\/2018\/1\/17\">https:\/\/doi.org\/10.21552\/edpl\/2018\/1\/17<\/a><\/td>\n<\/tr>\n<\/tbody>\n<\/table>\n<h4>\u00a0<\/h4>\n<h4><a id=\"edpl2017\"><\/a>2017<\/h4>\n<table class=\" alignleft\" style=\"border-collapse: collapse;\">\n<tbody>\n<tr style=\"height: 24px;\">\n<th style=\"width: 8%; height: 24px;\"><strong>Ausgabe<\/strong><\/th>\n<th style=\"width: 22%; height: 24px;\"><strong>Autor<\/strong><\/th>\n<th style=\"width: 45%; height: 24px;\"><strong>Titel<\/strong><\/th>\n<th style=\"width: 25%; height: 24px;\"><strong>DOI<\/strong><\/th>\n<\/tr>\n<tr>\n<td>2017\/04<\/td>\n<td>Lorna Woods<\/td>\n<td>GDPR Implementation Series \u2219 United Kingdom: Heading Towards Brexit but with a Data Protection Bill Implementing GDPR<\/td>\n<td><a href=\"https:\/\/doi.org\/10.21552\/edpl\/2017\/4\/12\">https:\/\/doi.org\/10.21552\/edpl\/2017\/4\/12<\/a><\/td>\n<\/tr>\n<tr>\n<td>2017\/04<\/td>\n<td>Anna Kobyla\u0144ska, Marcin Lewoszewski<\/td>\n<td>GDPR Implementation Series \u2219 Poland: A Brief Overview Concerning the Implementation of the GDPR<\/td>\n<td><a href=\"https:\/\/doi.org\/10.21552\/edpl\/2017\/4\/13\">https:\/\/doi.org\/10.21552\/edpl\/2017\/4\/13<\/a><\/td>\n<\/tr>\n<tr>\n<td>2017\/04<\/td>\n<td>Sebastian Klein<\/td>\n<td>European Union \u2219 First Annual Review of the EU-US Privacy Shield<\/td>\n<td><a href=\"https:\/\/doi.org\/10.21552\/edpl\/2017\/4\/14\">https:\/\/doi.org\/10.21552\/edpl\/2017\/4\/14<\/a><\/td>\n<\/tr>\n<tr>\n<td>2017\/04<\/td>\n<td>Olivia Tambou<\/td>\n<td>France \u2219 The New French Antiterrorism Law: Towards a Balance between Security and Liberty after the State of Emergency?<\/td>\n<td><a href=\"https:\/\/doi.org\/10.21552\/edpl\/2017\/4\/15\">https:\/\/doi.org\/10.21552\/edpl\/2017\/4\/15<\/a><\/td>\n<\/tr>\n<tr>\n<td>2017\/04<\/td>\n<td>Tobias Raab<\/td>\n<td>Germany \u2219 Higher Administrative Court Confirms Proportionality of Data Protection and Security Measures as Auxiliary Provisions<\/td>\n<td><a href=\"https:\/\/doi.org\/10.21552\/edpl\/2017\/4\/16\">https:\/\/doi.org\/10.21552\/edpl\/2017\/4\/16<\/a><\/td>\n<\/tr>\n<tr>\n<td>2017\/04<\/td>\n<td>Julian Wagner, Normann Witzleb<\/td>\n<td>Australia \u2219 \u2018Personal Information\u2019 in the Australian Privacy Act and the Classification of IP Addresses<\/td>\n<td><a href=\"https:\/\/doi.org\/10.21552\/edpl\/2017\/4\/17\">https:\/\/doi.org\/10.21552\/edpl\/2017\/4\/17<\/a><\/td>\n<\/tr>\n<tr>\n<td>2017\/04<\/td>\n<td>Vanessa Franssen<\/td>\n<td>Practitioner\u2019s Corner \u2219 The Belgian Internet Investigatory Powers Act \u2013 A Model to Pursue at European Level?<\/td>\n<td><a href=\"https:\/\/doi.org\/10.21552\/edpl\/2017\/4\/18\">https:\/\/doi.org\/10.21552\/edpl\/2017\/4\/18<\/a><\/td>\n<\/tr>\n<tr>\n<td>2017\/03<\/td>\n<td>Andra Giurgiu<\/td>\n<td>GDPR Implementation Series \u2219 Luxembourg: Reshaping the National Context to Adjust to the GDPR<\/td>\n<td><a href=\"https:\/\/doi.org\/10.21552\/edpl\/2017\/3\/11\">https:\/\/doi.org\/10.21552\/edpl\/2017\/3\/11<\/a><\/td>\n<\/tr>\n<tr>\n<td>2017\/03<\/td>\n<td>Miguel Recio<\/td>\n<td>GDPR Implementation Series \u2219 Spain: Preparations for a New Law on Data Protection to Implement the GDPR<\/td>\n<td><a href=\"https:\/\/doi.org\/10.21552\/edpl\/2017\/3\/12\">https:\/\/doi.org\/10.21552\/edpl\/2017\/3\/12<\/a><\/td>\n<\/tr>\n<tr>\n<td>2017\/03<\/td>\n<td>Dominic Broy<\/td>\n<td>European Union \u2219 The European Commission\u2019s Proposal for a Framework for the Free Flow of Non-Personal Data in the EU<\/td>\n<td><a href=\"https:\/\/doi.org\/10.21552\/edpl\/2017\/3\/13\">https:\/\/doi.org\/10.21552\/edpl\/2017\/3\/13<\/a><\/td>\n<\/tr>\n<tr>\n<td>2017\/03<\/td>\n<td>Christina Etteldorf<\/td>\n<td>Canada \u2219 Canadian Supreme Court on Google: Effective Legal Protection Tops Jurisdictional Boundaries<\/td>\n<td><a href=\"https:\/\/doi.org\/10.21552\/edpl\/2017\/3\/14\">https:\/\/doi.org\/10.21552\/edpl\/2017\/3\/14<\/a><\/td>\n<\/tr>\n<tr>\n<td>2017\/03<\/td>\n<td>Teresa Quintel<\/td>\n<td>United Kingdom \u2219 Investigatory Powers Tribunal: Privacy International v Secretary of State for Foreign and Commonwealth Affairs and Ors Part II<\/td>\n<td><a href=\"https:\/\/doi.org\/10.21552\/edpl\/2017\/3\/15\">https:\/\/doi.org\/10.21552\/edpl\/2017\/3\/15<\/a><\/td>\n<\/tr>\n<tr>\n<td>2017\/03<\/td>\n<td>Christina Etteldorf<\/td>\n<td>Germany \u2219 Higher Administrative Court of Northrhine Westphalia Declares German Data Retention Law Violates EU Law<\/td>\n<td><a href=\"https:\/\/doi.org\/10.21552\/edpl\/2017\/3\/16\">https:\/\/doi.org\/10.21552\/edpl\/2017\/3\/16<\/a><\/td>\n<\/tr>\n<tr>\n<td>2017\/02<\/td>\n<td>Rapha\u00ebl Gellert<\/td>\n<td>European Union \u2219 The Article 29 Working Party\u2019s Provisional Guidelines on Data Protection Impact Assessment<\/td>\n<td><a href=\"https:\/\/doi.org\/10.21552\/edpl\/2017\/2\/11\">https:\/\/doi.org\/10.21552\/edpl\/2017\/2\/11<\/a><\/td>\n<\/tr>\n<tr>\n<td>2017\/02<\/td>\n<td>Natalie Fercher<\/td>\n<td>GDPR Implementation Series \u2219 Austria: A Brief Overview Concerning the Implementation of the GDPR<\/td>\n<td><a href=\"https:\/\/doi.org\/10.21552\/edpl\/2017\/2\/12\">https:\/\/doi.org\/10.21552\/edpl\/2017\/2\/12<\/a><\/td>\n<\/tr>\n<tr>\n<td>2017\/02<\/td>\n<td>St\u00e9phanie De Smedt, Christophe Geuens<\/td>\n<td>Belgium \u2219 Data Protection Authority Publishes 2016 Annual Report<\/td>\n<td><a href=\"https:\/\/doi.org\/10.21552\/edpl\/2017\/2\/13\">https:\/\/doi.org\/10.21552\/edpl\/2017\/2\/13<\/a><\/td>\n<\/tr>\n<tr>\n<td>2017\/02<\/td>\n<td>Dominic Broy<\/td>\n<td>Germany \u2219 Extended Rights for the German Foreign Secret Service Concerning Data Recovery from the Internet Infrastructure<\/td>\n<td><a href=\"https:\/\/doi.org\/10.21552\/edpl\/2017\/2\/14\">https:\/\/doi.org\/10.21552\/edpl\/2017\/2\/14<\/a><\/td>\n<\/tr>\n<tr>\n<td>2017\/02<\/td>\n<td>Dennis-Kenji Kipker<\/td>\n<td>Germany \u2219 How Much Diversity in Data Protection Law Does Europe Need or Can Afford?EAID Conference, Berlin, 26 January 2017<\/td>\n<td><a href=\"https:\/\/doi.org\/10.21552\/edpl\/2017\/2\/15\">https:\/\/doi.org\/10.21552\/edpl\/2017\/2\/15<\/a><\/td>\n<\/tr>\n<tr>\n<td>2017\/02<\/td>\n<td>C\u00e9line van Waesberge<\/td>\n<td>Netherlands \u2219 The Year 2016 Through the Eyes of the Dutch Data Protection Authority<\/td>\n<td><a href=\"https:\/\/doi.org\/10.21552\/edpl\/2017\/2\/16\">https:\/\/doi.org\/10.21552\/edpl\/2017\/2\/16<\/a><\/td>\n<\/tr>\n<tr>\n<td>2017\/02<\/td>\n<td>Gizem G\u00fcltekin V\u00e1rkonyi<\/td>\n<td>Turkey \u2219 Evaluation on Turkey\u2019s Data Protection Adventure<\/td>\n<td><a href=\"https:\/\/doi.org\/10.21552\/edpl\/2017\/2\/17\">https:\/\/doi.org\/10.21552\/edpl\/2017\/2\/17<\/a><\/td>\n<\/tr>\n<tr>\n<td>2017\/02<\/td>\n<td>Lorna Woods<\/td>\n<td>United Kingdom \u2219 Digital Economy Act 2017: Data Sharing Provisions<\/td>\n<td><a href=\"https:\/\/doi.org\/10.21552\/edpl\/2017\/2\/18\">https:\/\/doi.org\/10.21552\/edpl\/2017\/2\/18<\/a><\/td>\n<\/tr>\n<tr>\n<td>2017\/02<\/td>\n<td>Lorna Woods<\/td>\n<td>United Kingdom \u2219 Investigatory Powers Tribunal (IPT): Privacy International v Secretary of State for Foreign and Commonwealth Affairs and Ors<\/td>\n<td><a href=\"https:\/\/doi.org\/10.21552\/edpl\/2017\/2\/19\">https:\/\/doi.org\/10.21552\/edpl\/2017\/2\/19<\/a><\/td>\n<\/tr>\n<tr>\n<td>2017\/02<\/td>\n<td>Wim Nauwelaerts<\/td>\n<td>Practitioner\u2019s Corner \u2219 GDPR &#8211; The Perfect Privacy Storm: You Can Run from the Regulator, but You Cannot Hide from the Consumer<\/td>\n<td><a href=\"https:\/\/doi.org\/10.21552\/edpl\/2017\/2\/20\">https:\/\/doi.org\/10.21552\/edpl\/2017\/2\/20<\/a><\/td>\n<\/tr>\n<tr>\n<td>2017\/02<\/td>\n<td>John Bowman, Myriam Gufflet<\/td>\n<td>Practitioner\u2019s Corner \u2219 Meeting the Challenge of a Global GDPR and BCR Programme<\/td>\n<td><a href=\"https:\/\/doi.org\/10.21552\/edpl\/2017\/2\/21\">https:\/\/doi.org\/10.21552\/edpl\/2017\/2\/21<\/a><\/td>\n<\/tr>\n<tr>\n<td>2017\/01<\/td>\n<td>Alessandro Mantelero<\/td>\n<td>Council of Europe \u2219 The Guidelines of the Council of Europe Data Protection Committee on the Protection of Individuals with Regard to the Processing of Personal Data in the Big Data Context<\/td>\n<td><a href=\"https:\/\/doi.org\/10.21552\/edpl\/2017\/1\/11\">https:\/\/doi.org\/10.21552\/edpl\/2017\/1\/11<\/a><\/td>\n<\/tr>\n<tr>\n<td>2017\/01<\/td>\n<td>Sandra Schmitz<\/td>\n<td>European Union \u2219 The Article 29 Working Party\u2019s Guidelines for Identifying the Lead Supervisory Authority in Cross-Border Data Processing<\/td>\n<td><a href=\"https:\/\/doi.org\/10.21552\/edpl\/2017\/1\/12\">https:\/\/doi.org\/10.21552\/edpl\/2017\/1\/12<\/a><\/td>\n<\/tr>\n<tr>\n<td>2017\/01<\/td>\n<td>Dominic Broy<\/td>\n<td>GDPR Implementation Series \u2219 Germany: Starting Implementation of the GDPR &#8211; Brief Overview of the Government Bill for a New Federal Data Protection Act<\/td>\n<td><a href=\"https:\/\/doi.org\/10.21552\/edpl\/2017\/1\/13\">https:\/\/doi.org\/10.21552\/edpl\/2017\/1\/13<\/a><\/td>\n<\/tr>\n<tr>\n<td>2017\/01<\/td>\n<td>Dennis-Kenji Kipker<\/td>\n<td>Germany \u2219 Transparency Requirements for Police Use of Body Cams<\/td>\n<td><a href=\"https:\/\/doi.org\/10.21552\/edpl\/2017\/1\/14\">https:\/\/doi.org\/10.21552\/edpl\/2017\/1\/14<\/a><\/td>\n<\/tr>\n<tr>\n<td>2017\/01<\/td>\n<td>Lorna Woods<\/td>\n<td>United Kingdom \u2219 The Investigatory Powers Act 2016<\/td>\n<td><a href=\"https:\/\/doi.org\/10.21552\/edpl\/2017\/1\/15\">https:\/\/doi.org\/10.21552\/edpl\/2017\/1\/15<\/a><\/td>\n<\/tr>\n<tr>\n<td>2017\/01<\/td>\n<td>Lorna Woods<\/td>\n<td>United Kingdom \u2219 CG v Facebook: The Interconnection between E-Commerce and Data Protection<\/td>\n<td><a href=\"https:\/\/doi.org\/10.21552\/edpl\/2017\/1\/16\">https:\/\/doi.org\/10.21552\/edpl\/2017\/1\/16<\/a><\/td>\n<\/tr>\n<tr>\n<td>2017\/01<\/td>\n<td>Alan Butler<\/td>\n<td>United States of America \u2219 Whither Privacy Shield in the Trump Era?<\/td>\n<td><a href=\"https:\/\/doi.org\/10.21552\/edpl\/2017\/1\/17\">https:\/\/doi.org\/10.21552\/edpl\/2017\/1\/17<\/a><\/td>\n<\/tr>\n<tr>\n<td>2017\/01<\/td>\n<td>Miguel Recio<\/td>\n<td>Practitioner&#8217;s Corner \u2219 Data Protection Officer: The Key Figure to Ensure Data Protection and Accountability<\/td>\n<td><a href=\"https:\/\/doi.org\/10.21552\/edpl\/2017\/1\/18\">https:\/\/doi.org\/10.21552\/edpl\/2017\/1\/18<\/a><\/td>\n<\/tr>\n<tr>\n<td>2017\/01<\/td>\n<td>Lucio Scudiero<\/td>\n<td>Practitioner&#8217;s Corner \u2219 Bringing Your Data Everywhere: A Legal Reading Of The Right To Portability<\/td>\n<td><a href=\"https:\/\/doi.org\/10.21552\/edpl\/2017\/1\/19\">https:\/\/doi.org\/10.21552\/edpl\/2017\/1\/19<\/a><\/td>\n<\/tr>\n<\/tbody>\n<\/table>\n<h4>\u00a0<\/h4>\n<h4><a id=\"edpl2016\"><\/a>2016<\/h4>\n<table class=\" alignleft\" style=\"border-collapse: collapse; width: 100%;\">\n<tbody>\n<tr style=\"height: 24px;\">\n<th style=\"width: 8%; height: 24px;\"><strong>Ausgabe<\/strong><\/th>\n<th style=\"width: 22%; height: 24px;\"><strong>Autor<\/strong><\/th>\n<th style=\"width: 45%; height: 24px;\"><strong>Titel<\/strong><\/th>\n<th style=\"width: 25%; height: 24px;\"><strong>DOI<\/strong><\/th>\n<\/tr>\n<tr>\n<td>2016\/04<\/td>\n<td>Indra Spiecker genannt D\u00f6hmann et al<\/td>\n<td>Multi-Country \u2219 The Regulation of Commercial Profiling \u2013 A Comparative Analysis<\/td>\n<td><a href=\"https:\/\/doi.org\/10.21552\/EDPL\/2016\/4\/12\">https:\/\/doi.org\/10.21552\/EDPL\/2016\/4\/12<\/a><\/td>\n<\/tr>\n<tr>\n<td>2016\/04<\/td>\n<td>Charles Raab, Roger Clarke<\/td>\n<td>United Kingdom \u2219 Inadequacies in the UK\u2019s Data Science Ethical Framework<\/td>\n<td><a href=\"https:\/\/doi.org\/10.21552\/EDPL\/2016\/4\/13\">https:\/\/doi.org\/10.21552\/EDPL\/2016\/4\/13<\/a><\/td>\n<\/tr>\n<tr>\n<td>2016\/04<\/td>\n<td>Kristin Benedikt<\/td>\n<td>Germany \u2219 Insight About Investigations of Smart TV Users\u2019 Security by the German Data Protection Authorities<\/td>\n<td><a href=\"https:\/\/doi.org\/10.21552\/EDPL\/2016\/4\/14\">https:\/\/doi.org\/10.21552\/EDPL\/2016\/4\/14<\/a><\/td>\n<\/tr>\n<tr>\n<td>2016\/04<\/td>\n<td>Jan Tom\u00ed\u0161ek<\/td>\n<td>Czech Republic \u2219 Electronic Healthcare and Data Protection in the Czech Republic<\/td>\n<td><a href=\"https:\/\/doi.org\/10.21552\/EDPL\/2016\/4\/15\">https:\/\/doi.org\/10.21552\/EDPL\/2016\/4\/15<\/a><\/td>\n<\/tr>\n<tr>\n<td>2016\/04<\/td>\n<td>Axel Freiherr von dem Bussche, Anna Zeiter<\/td>\n<td>Practitioner&#8217;s Corner \u2219 Implementing the EU General Data Protection Regulation: A Business Perspective<\/td>\n<td><a href=\"https:\/\/doi.org\/10.21552\/EDPL\/2016\/4\/16\">https:\/\/doi.org\/10.21552\/EDPL\/2016\/4\/16<\/a><\/td>\n<\/tr>\n<tr>\n<td>2016\/03<\/td>\n<td>Mark D Cole<\/td>\n<td>European Union \u2219 \u2018Weltimmo\u2019 Reloaded: CJEU Further Clarifies the Concept of \u2018Establishment\u2019<\/td>\n<td><a href=\"https:\/\/doi.org\/10.21552\/EDPL\/2016\/3\/13\">https:\/\/doi.org\/10.21552\/EDPL\/2016\/3\/13<\/a><\/td>\n<\/tr>\n<tr>\n<td>2016\/03<\/td>\n<td>Lokke Moerel, Ronan Tigner<\/td>\n<td>United Kingdom \u2219 Data Protection Implications of \u2018Brexit\u2019<\/td>\n<td><a href=\"https:\/\/doi.org\/10.21552\/EDPL\/2016\/3\/14\">https:\/\/doi.org\/10.21552\/EDPL\/2016\/3\/14<\/a><\/td>\n<\/tr>\n<tr>\n<td>2016\/03<\/td>\n<td>Tanja Jaatinen, Eino Rautanen<\/td>\n<td>Finland \u2219 Accessing Employees&#8217; Email in the Workplace \u2013 a Gordian Knot?<\/td>\n<td><a href=\"https:\/\/doi.org\/10.21552\/EDPL\/2016\/3\/15\">https:\/\/doi.org\/10.21552\/EDPL\/2016\/3\/15<\/a><\/td>\n<\/tr>\n<tr>\n<td>2016\/03<\/td>\n<td>C\u00e9line van Waesberge, St\u00e9phanie De Smedt<\/td>\n<td>Belgium \/ The Netherlands \u2219 Cybersecurity and Data Breach Notification Obligations Under the Current and Future Legislative Framework<\/td>\n<td><a href=\"https:\/\/doi.org\/10.21552\/EDPL\/2016\/3\/16\">https:\/\/doi.org\/10.21552\/EDPL\/2016\/3\/16<\/a><\/td>\n<\/tr>\n<tr>\n<td>2016\/03<\/td>\n<td>Grigorios Tsolias<\/td>\n<td>Greece \u2219 Data Protection Risks from the Use of Remotely Piloted Aircraft Systems (RPAS) under the Vague Legal and Regulatory Framework<\/td>\n<td><a href=\"https:\/\/doi.org\/10.21552\/EDPL\/2016\/3\/17\">https:\/\/doi.org\/10.21552\/EDPL\/2016\/3\/17<\/a><\/td>\n<\/tr>\n<tr>\n<td>2016\/03<\/td>\n<td>Valentina Pavel Burloiu<\/td>\n<td>Romania \u2219 Publishing &#8216;Shame Lists&#8217; on the Internet: Respecting Data Protection Principles vs Public Interest<\/td>\n<td><a href=\"https:\/\/doi.org\/10.21552\/EDPL\/2016\/3\/18\">https:\/\/doi.org\/10.21552\/EDPL\/2016\/3\/18<\/a><\/td>\n<\/tr>\n<tr>\n<td>2016\/03<\/td>\n<td>Lorna Woods<\/td>\n<td>United Kingdom \u2219 Investigatory Powers Tribunal: Recent Decisions<\/td>\n<td><a href=\"https:\/\/doi.org\/10.21552\/EDPL\/2016\/3\/19\">https:\/\/doi.org\/10.21552\/EDPL\/2016\/3\/19<\/a><\/td>\n<\/tr>\n<tr>\n<td>2016\/03<\/td>\n<td>Sebastian Schweda<\/td>\n<td>Germany \u2219 Under Close Scrutiny: German Courts and Authorities Investigate Facebook\u2019s Compliance with National Data Protection Law<\/td>\n<td><a href=\"https:\/\/doi.org\/10.21552\/EDPL\/2016\/3\/20\">https:\/\/doi.org\/10.21552\/EDPL\/2016\/3\/20<\/a><\/td>\n<\/tr>\n<tr>\n<td>2016\/03<\/td>\n<td>Matthias Berberich, Malgorzata Steiner<\/td>\n<td>Practitioner&#8217;s Corner \u2219 Blockchain Technology and the GDPR \u2013 How to Reconcile Privacy and Distributed Ledgers?<\/td>\n<td><a href=\"https:\/\/doi.org\/10.21552\/EDPL\/2016\/3\/21\">https:\/\/doi.org\/10.21552\/EDPL\/2016\/3\/21<\/a><\/td>\n<\/tr>\n<tr>\n<td>2016\/02<\/td>\n<td>Sarah Johanna Eskens<\/td>\n<td>Netherlands \u2219 New Notification Obligations and Fines Under the Dutch Data Protection Act<\/td>\n<td><a href=\"https:\/\/doi.org\/10.21552\/EDPL\/2016\/2\/12\">https:\/\/doi.org\/10.21552\/EDPL\/2016\/2\/12<\/a><\/td>\n<\/tr>\n<tr>\n<td>2016\/02<\/td>\n<td>Gergely L\u00e1szl\u00f3 Sz\u0151ke<\/td>\n<td>Hungary \u2219 Progressive Changes in Hungarian Data Protection Law: Introducing Binding Corporate Rules and Recording of Data Breaches<\/td>\n<td><a href=\"https:\/\/doi.org\/10.21552\/EDPL\/2016\/2\/13\">https:\/\/doi.org\/10.21552\/EDPL\/2016\/2\/13<\/a><\/td>\n<\/tr>\n<tr>\n<td>2016\/02<\/td>\n<td>Alessandro Mantelero<\/td>\n<td>Italy \u2219 Right to be Forgotten and Public Registers &#8211; A Request to the European Court of Justice for a Preliminary Ruling<\/td>\n<td><a href=\"https:\/\/doi.org\/10.21552\/EDPL\/2016\/2\/14\">https:\/\/doi.org\/10.21552\/EDPL\/2016\/2\/14<\/a><\/td>\n<\/tr>\n<tr>\n<td>2016\/02<\/td>\n<td>Lorna Woods<\/td>\n<td>United Kingdom \u2219 Galloway v Frazer, Google Inc t\/a YouTube &amp; Ors: High Court of Northern Ireland on the Permission to Serve a Writ Outside Jurisdiction<\/td>\n<td><a href=\"https:\/\/doi.org\/10.21552\/EDPL\/2016\/2\/15\">https:\/\/doi.org\/10.21552\/EDPL\/2016\/2\/15<\/a><\/td>\n<\/tr>\n<tr>\n<td>2016\/02<\/td>\n<td>Lorna Woods<\/td>\n<td>United Kingdom \u2219 Commissioner for the Retention and Use of Biometric Material Publishes Annual Report 2015<\/td>\n<td><a href=\"https:\/\/doi.org\/10.21552\/EDPL\/2016\/2\/16\">https:\/\/doi.org\/10.21552\/EDPL\/2016\/2\/16<\/a><\/td>\n<\/tr>\n<tr>\n<td>2016\/02<\/td>\n<td>Juan Jos\u00e9 Gonz\u00e1lez L\u00f3pez, Julio P\u00e9rez Gil<\/td>\n<td>Spain \u2219 The New Technology-Related Investigation Measures in Spanish Criminal Proceedings: An Analysis in the Light of the Right to Data Protection<\/td>\n<td><a href=\"https:\/\/doi.org\/10.21552\/EDPL\/2016\/2\/17\">https:\/\/doi.org\/10.21552\/EDPL\/2016\/2\/17<\/a><\/td>\n<\/tr>\n<tr>\n<td>2016\/02<\/td>\n<td>Jos Dumortier<\/td>\n<td>European Union \u2219 Evaluation and Review of the ePrivacy Directive<\/td>\n<td><a href=\"https:\/\/doi.org\/10.21552\/EDPL\/2016\/2\/18\">https:\/\/doi.org\/10.21552\/EDPL\/2016\/2\/18<\/a><\/td>\n<\/tr>\n<tr>\n<td>2016\/01<\/td>\n<td>Lina Jasmontaite<\/td>\n<td>European Union \u2219 The European Data Protection Supervisor (EDPS) Opinion 4\/2015 \u2018Towards a New Digital Ethics\u2019<\/td>\n<td><a href=\"https:\/\/doi.org\/10.21552\/EDPL\/2016\/1\/11\">https:\/\/doi.org\/10.21552\/EDPL\/2016\/1\/11<\/a><\/td>\n<\/tr>\n<tr>\n<td>2016\/01<\/td>\n<td>Eleni Kosta<\/td>\n<td>The Netherlands \u2219 The Dutch Regulation of Cookies<\/td>\n<td><a href=\"https:\/\/doi.org\/10.21552\/EDPL\/2016\/1\/12\">https:\/\/doi.org\/10.21552\/EDPL\/2016\/1\/12<\/a><\/td>\n<\/tr>\n<tr>\n<td>2016\/01<\/td>\n<td>Lorna Woods<\/td>\n<td>United Kingdom \u2219 Draft Investigatory Powers Bill<\/td>\n<td><a href=\"https:\/\/doi.org\/10.21552\/EDPL\/2016\/1\/13\">https:\/\/doi.org\/10.21552\/EDPL\/2016\/1\/13<\/a><\/td>\n<\/tr>\n<tr>\n<td>2016\/01<\/td>\n<td>Sebastian Schweda<\/td>\n<td>Germany \u2219 German Data Protection Authorities Issue Privacy Guidelines for Smart TV Services<\/td>\n<td><a href=\"https:\/\/doi.org\/10.21552\/EDPL\/2016\/1\/14\">https:\/\/doi.org\/10.21552\/EDPL\/2016\/1\/14<\/a><\/td>\n<\/tr>\n<tr>\n<td>2016\/01<\/td>\n<td>Tobias Raab<\/td>\n<td>New Form of Establishment for Federal Data Protection Authority as Completely Independent Authority<\/td>\n<td><a href=\"https:\/\/doi.org\/10.21552\/EDPL\/2016\/1\/15\">https:\/\/doi.org\/10.21552\/EDPL\/2016\/1\/15<\/a><\/td>\n<\/tr>\n<tr>\n<td>2016\/01<\/td>\n<td>Sharon McLaughlin<\/td>\n<td>Ireland \u2219 Independence of Data Protection Commissioner Challenged by Digital Rights Ireland<\/td>\n<td><a href=\"https:\/\/doi.org\/10.21552\/EDPL\/2016\/1\/16\">https:\/\/doi.org\/10.21552\/EDPL\/2016\/1\/16<\/a><\/td>\n<\/tr>\n<tr>\n<td>2016\/01<\/td>\n<td>Valentina Pavel Burloiu<\/td>\n<td>Romania \u2219 Another Episode in Trying to Adopt Cybersecurity Regulation, Another (Possible) Failure For Human Rights<\/td>\n<td><a href=\"https:\/\/doi.org\/10.21552\/EDPL\/2016\/1\/17\">https:\/\/doi.org\/10.21552\/EDPL\/2016\/1\/17<\/a><\/td>\n<\/tr>\n<\/tbody>\n<\/table>\n<h4>\u00a0<\/h4>\n<h4><a id=\"edpl2015\"><\/a>2015<\/h4>\n<table class=\" alignleft\" style=\"width: 100%; border-collapse: collapse;\">\n<tbody>\n<tr style=\"height: 24px;\">\n<th style=\"width: 8%; height: 24px;\"><strong>Ausgabe<\/strong><\/th>\n<th style=\"width: 22%; height: 24px;\"><strong>Autor<\/strong><\/th>\n<th style=\"width: 45%; height: 24px;\"><strong>Titel<\/strong><\/th>\n<th style=\"width: 25%; height: 24px;\"><strong>DOI<\/strong><\/th>\n<\/tr>\n<tr>\n<td>2015\/04<\/td>\n<td>St\u00e9phanie De Smedt<\/td>\n<td>Belgium \u2219 Facebook Loses the First Round of Its Battle with the Belgian Privacy Commission<\/td>\n<td><a href=\"https:\/\/doi.org\/10.21552\/EDPL\/2015\/4\/8\">https:\/\/doi.org\/10.21552\/EDPL\/2015\/4\/8<\/a><\/td>\n<\/tr>\n<tr>\n<td>2015\/04<\/td>\n<td>Sebastian Schweda<\/td>\n<td>Germany \u2219 Hamburg Court of Appeal Obliges Press Archive Operator to Prevent Name Search in Archived Articles<\/td>\n<td><a href=\"https:\/\/doi.org\/10.21552\/EDPL\/2015\/4\/9\">https:\/\/doi.org\/10.21552\/EDPL\/2015\/4\/9<\/a><\/td>\n<\/tr>\n<tr>\n<td>2015\/04<\/td>\n<td>Sebastian Schweda<\/td>\n<td>Spain \u2219 &#8216;Right to Be Forgotten&#8217; Also Applies to Online News Archive, Supreme Court Rules<\/td>\n<td><a href=\"https:\/\/doi.org\/10.21552\/EDPL\/2015\/4\/10\">https:\/\/doi.org\/10.21552\/EDPL\/2015\/4\/10<\/a><\/td>\n<\/tr>\n<tr>\n<td>2015\/04<\/td>\n<td>\u00c9lisabeth Quillatre<\/td>\n<td>France \u2219 The French Bill on Digital Issues for France &#8211; First Bill Co-Written by Citizens<\/td>\n<td><a href=\"https:\/\/doi.org\/10.21552\/EDPL\/2015\/4\/11\">https:\/\/doi.org\/10.21552\/EDPL\/2015\/4\/11<\/a><\/td>\n<\/tr>\n<tr>\n<td>2015\/04<\/td>\n<td>Lorna M. Woods<\/td>\n<td>United Kingdom \u2219 Court of Appeal Refers to CJEU on DRIPA<\/td>\n<td><a href=\"https:\/\/doi.org\/10.21552\/EDPL\/2015\/4\/12\">https:\/\/doi.org\/10.21552\/EDPL\/2015\/4\/12<\/a><\/td>\n<\/tr>\n<tr>\n<td>2015\/03<\/td>\n<td>Laurens Naudts<\/td>\n<td>Belgium \u2219 Belgian Constitutional Court Nullifies Belgian Data Retention Law<\/td>\n<td><a href=\"https:\/\/doi.org\/10.21552\/EDPL\/2015\/3\/8\">https:\/\/doi.org\/10.21552\/EDPL\/2015\/3\/8\u00a0<\/a><\/td>\n<\/tr>\n<tr>\n<td>2015\/03<\/td>\n<td>St\u00e9phanie De Smedt<\/td>\n<td>Belgium \u2013 The New Data Protection Hub?<\/td>\n<td><a href=\"https:\/\/doi.org\/10.21552\/EDPL\/2015\/3\/9\">https:\/\/doi.org\/10.21552\/EDPL\/2015\/3\/9<\/a><\/td>\n<\/tr>\n<tr>\n<td>2015\/03<\/td>\n<td>Evgeniya Scherer<\/td>\n<td>Bulgaria \u2219 New Developments of the Legal Framework on the Retention of Data in Bulgaria<\/td>\n<td><a href=\"https:\/\/doi.org\/10.21552\/EDPL\/2015\/3\/10\">https:\/\/doi.org\/10.21552\/EDPL\/2015\/3\/10<\/a><\/td>\n<\/tr>\n<tr>\n<td>2015\/03<\/td>\n<td>Sebastian Schweda<\/td>\n<td>Germany \u2219 Parliament Adopts New Data Retention Law<\/td>\n<td><a href=\"https:\/\/doi.org\/10.21552\/EDPL\/2015\/3\/11\">https:\/\/doi.org\/10.21552\/EDPL\/2015\/3\/11<\/a><\/td>\n<\/tr>\n<tr>\n<td>2015\/03<\/td>\n<td>Martin Husovec<\/td>\n<td>Slovakia \u2219 Slovak Constitutional Court Annuls National Data Retention Provisions<\/td>\n<td><a href=\"https:\/\/doi.org\/10.21552\/EDPL\/2015\/3\/12\">https:\/\/doi.org\/10.21552\/EDPL\/2015\/3\/12<\/a><\/td>\n<\/tr>\n<tr>\n<td>2015\/03<\/td>\n<td>Pam Storr<\/td>\n<td>Sweden \u2219 Blanket Storage of Communications Data &#8211; Proportional or not? Sweden asks CJEU for Clarification on Data Retention<\/td>\n<td><a href=\"https:\/\/doi.org\/10.21552\/EDPL\/2015\/3\/13\">https:\/\/doi.org\/10.21552\/EDPL\/2015\/3\/13<\/a><\/td>\n<\/tr>\n<tr>\n<td>2015\/03<\/td>\n<td>Lorna M. Woods<\/td>\n<td>United Kingdom \u2219 High Court Strikes Down Data Retention Laws in Ruling on DRIPA<\/td>\n<td><a href=\"https:\/\/doi.org\/10.21552\/EDPL\/2015\/3\/14\">https:\/\/doi.org\/10.21552\/EDPL\/2015\/3\/14<\/a><\/td>\n<\/tr>\n<tr>\n<td>2015\/02<\/td>\n<td>Valerie Verdoodt, Niels Vandezande<\/td>\n<td>Belgium\u2019s New Privacy Bill May Be Adopted Soon &#8211; Opinion on the Use of Cloud Services in Hospitals<\/td>\n<td><a href=\"https:\/\/doi.org\/10.21552\/EDPL\/2015\/2\/6\">https:\/\/doi.org\/10.21552\/EDPL\/2015\/2\/6<\/a><\/td>\n<\/tr>\n<tr>\n<td>2015\/02<\/td>\n<td>Charlotte Bagger Tranberg<\/td>\n<td>Storing Information on User\u2019s Devices<\/td>\n<td><a href=\"https:\/\/doi.org\/10.21552\/EDPL\/2015\/2\/7\">https:\/\/doi.org\/10.21552\/EDPL\/2015\/2\/7<\/a><\/td>\n<\/tr>\n<tr>\n<td>2015\/02<\/td>\n<td>Jakub Hara\u0161ta, Jakub M\u00ed\u0161ek, Mat\u011bj My\u0161ka<\/td>\n<td>Czech Constitutional Court Clarifies Conditions of Police Access to Medical Files in the Course of Investigation<\/td>\n<td><a href=\"https:\/\/doi.org\/10.21552\/EDPL\/2015\/2\/8\">https:\/\/doi.org\/10.21552\/EDPL\/2015\/2\/8<\/a><\/td>\n<\/tr>\n<tr>\n<td>2015\/02<\/td>\n<td>\u00c9lisabeth Quillatre<\/td>\n<td>The New Bill on Intelligence: Toward a French Patriot Act (Act II)?<\/td>\n<td><a href=\"https:\/\/doi.org\/10.21552\/EDPL\/2015\/2\/9\">https:\/\/doi.org\/10.21552\/EDPL\/2015\/2\/9<\/a><\/td>\n<\/tr>\n<tr>\n<td>2015\/02<\/td>\n<td>Valentina Pavel Burloiu<\/td>\n<td>The Aftermath of Digital Rights Ireland: Romanian Constitutional Court Declares Overarching Cybersecurity Law Unconstitutional<\/td>\n<td><a href=\"https:\/\/doi.org\/10.21552\/EDPL\/2015\/2\/10\">https:\/\/doi.org\/10.21552\/EDPL\/2015\/2\/10<\/a><\/td>\n<\/tr>\n<tr>\n<td>2015\/01<\/td>\n<td>Sebastian Schweda<\/td>\n<td>European Parliament\u2019s Legal Service Presents Opinion on CJEU Data Retention Ruling, as Commission Discusses Next Steps<\/td>\n<td><a href=\"https:\/\/doi.org\/10.21552\/EDPL\/2015\/1\/9\">https:\/\/doi.org\/10.21552\/EDPL\/2015\/1\/9<\/a><\/td>\n<\/tr>\n<tr>\n<td>2015\/01<\/td>\n<td>\u00c9lisabeth Quillatre<\/td>\n<td>The French Anti-Terrorism Legislation: Toward a French Patriot Act?<\/td>\n<td><a href=\"https:\/\/doi.org\/10.21552\/EDPL\/2015\/1\/10\">https:\/\/doi.org\/10.21552\/EDPL\/2015\/1\/10<\/a><\/td>\n<\/tr>\n<tr>\n<td>2015\/01<\/td>\n<td>Marie McGonagle<\/td>\n<td>Ireland: Interception of Telecommunications Messages<\/td>\n<td><a href=\"https:\/\/doi.org\/10.21552\/EDPL\/2015\/1\/11\">https:\/\/doi.org\/10.21552\/EDPL\/2015\/1\/11<\/a><\/td>\n<\/tr>\n<tr>\n<td>2015\/01<\/td>\n<td>Sebastian Schweda<\/td>\n<td>UK Surveillance Under Judicial Scrutiny: GCHQ Intelligence Sharing with NSA Contravened Human Rights, But Is Now Legal<\/td>\n<td><a href=\"https:\/\/doi.org\/10.21552\/EDPL\/2015\/1\/12\">https:\/\/doi.org\/10.21552\/EDPL\/2015\/1\/12<\/a><\/td>\n<\/tr>\n<\/tbody>\n<\/table>\n","protected":false},"excerpt":{"rendered":"<p>Die Zeitschrift European Data Protection Law Review (EDPL), erscheinend im Lexxion Verlag, schlie\u00dft eine seit langem bestehende L\u00fccke auf dem Gebiet der wissenschaftlichen Auseinandersetzung mit dem Datenschutzrecht: Sie stellt eine l\u00e4nder\u00fcbergreifende Plattform zur juristischen Diskussion und Analyse datenschutzrechtlicher Entwicklungen in der EU und ihren Mitgliedstaaten zur Verf\u00fcgung. Die Zeitschriftenbeitr\u00e4ge stammen von Autoren aus der gesamten [&hellip;]<\/p>\n","protected":false},"author":1,"featured_media":0,"parent":7088,"menu_order":2,"comment_status":"closed","ping_status":"closed","template":"","meta":{"_et_pb_use_builder":"","_et_pb_old_content":"","_et_gb_content_width":"","footnotes":""},"class_list":["post-282","page","type-page","status-publish","hentry"],"translation":{"provider":"WPGlobus","version":"3.0.2","language":"fr","enabled_languages":["de","fr","gb"],"languages":{"de":{"title":true,"content":true,"excerpt":false},"fr":{"title":false,"content":false,"excerpt":false},"gb":{"title":false,"content":false,"excerpt":false}}},"_links":{"self":[{"href":"https:\/\/emr-sb.de\/fr\/wp-json\/wp\/v2\/pages\/282","targetHints":{"allow":["GET"]}}],"collection":[{"href":"https:\/\/emr-sb.de\/fr\/wp-json\/wp\/v2\/pages"}],"about":[{"href":"https:\/\/emr-sb.de\/fr\/wp-json\/wp\/v2\/types\/page"}],"author":[{"embeddable":true,"href":"https:\/\/emr-sb.de\/fr\/wp-json\/wp\/v2\/users\/1"}],"replies":[{"embeddable":true,"href":"https:\/\/emr-sb.de\/fr\/wp-json\/wp\/v2\/comments?post=282"}],"version-history":[{"count":25,"href":"https:\/\/emr-sb.de\/fr\/wp-json\/wp\/v2\/pages\/282\/revisions"}],"predecessor-version":[{"id":7112,"href":"https:\/\/emr-sb.de\/fr\/wp-json\/wp\/v2\/pages\/282\/revisions\/7112"}],"up":[{"embeddable":true,"href":"https:\/\/emr-sb.de\/fr\/wp-json\/wp\/v2\/pages\/7088"}],"wp:attachment":[{"href":"https:\/\/emr-sb.de\/fr\/wp-json\/wp\/v2\/media?parent=282"}],"curies":[{"name":"wp","href":"https:\/\/api.w.org\/{rel}","templated":true}]}}